{"id":7016,"date":"2020-06-29T11:29:29","date_gmt":"2020-06-29T11:29:29","guid":{"rendered":"https:\/\/the-kontiki.com\/pagina-inicial-kontiki-beach-resort-curacao\/"},"modified":"2025-06-13T10:48:08","modified_gmt":"2025-06-13T10:48:08","slug":"pagina-inicial-kontiki-beach-resort-curacao","status":"publish","type":"page","link":"https:\/\/thekontiki.com\/pt-pt\/","title":{"rendered":"Kontiki Beach Resort Cura\u00e7ao"},"content":{"rendered":"\n<section class=\"cover w-full h-svh relative overflow-hidden\">\n   <div class=\"absolute inset-0 flex items-end z-20\">\n      <div class=\"container mb-10\">\n         <img decoding=\"async\" class=\"\" src=\"https:\/\/thekontiki.com\/wp-content\/themes\/kontiki\/assets\/img\/logo_extended.svg\" alt=\"\">\n      <\/div>\n   <\/div>\n   <div class=\"overlay absolute inset-0 z-10 bg-black\/15\"><\/div>\n   <video class=\"absolute inset-0 -z-10 object-cover w-full h-full\" src=\"https:\/\/thekontiki.com\/wp-content\/uploads\/drone-kontiki-huts.mov\" autoplay muted loop playsinline><\/video>\n<\/section>\n\n<section>\n<h1 class=\"text-center mt-8\">O resort de praia Kontiki<\/h1><\/section>\n\n\n<section class=\"text-images  relative \n         my-20 lg:my-30\n      \"\n      >\n   <div class=\"lg:container lg:grid lg:grid-cols-12 lg:gap-4\">\n               <div class=\"lg:col-span-10 lg:col-start-2 text-center mb-20 lg:mb-30 mx-6 lg:mx-0\">\n            <h2 class=\"text-base lg:text-h3 \">Sinta-se em casa no cen\u00e1rio mais inspirador de Cura\u00e7ao \u2013 escolhido pela sua deslumbrante beleza e rico car\u00e1cter cultural.<\/h2>\n         <\/div>\n            <div class=\"lg:col-span-8 mb-16 lg:mb-0  lg:col-start-5 lg:order-2 \">\n         \n\n            \n            <div class=\"swiper-images overflow-hidden px-6 lg:px-0\" >\n               <div class=\"swiper-wrapper lg:!grid lg:grid-cols-2 lg:gap-4\">\n\n                     \n                                                                                                                        <div class=\"lg:col-span-2 lg:aspect-[922\/970] aspect-[328\/224] swiper-slide\">\n                                                         <img loading=\"lazy\" decoding=\"async\" width=\"720\" height=\"1080\" src=\"https:\/\/thekontiki.com\/wp-content\/uploads\/Van-der-Valk-Kontiki-Beach-Resort-Curacao-720x1080.webp\" class=\"w-full h-full object-cover\" alt=\"Van der Valk Kontiki Beach Resort Cura\u00e7ao\" srcset=\"https:\/\/thekontiki.com\/wp-content\/uploads\/Van-der-Valk-Kontiki-Beach-Resort-Curacao-720x1080.webp 720w, https:\/\/thekontiki.com\/wp-content\/uploads\/Van-der-Valk-Kontiki-Beach-Resort-Curacao-480x720.webp 480w, https:\/\/thekontiki.com\/wp-content\/uploads\/Van-der-Valk-Kontiki-Beach-Resort-Curacao-768x1151.webp 768w, https:\/\/thekontiki.com\/wp-content\/uploads\/Van-der-Valk-Kontiki-Beach-Resort-Curacao-1025x1536.webp 1025w, https:\/\/thekontiki.com\/wp-content\/uploads\/Van-der-Valk-Kontiki-Beach-Resort-Curacao.webp 1080w\" sizes=\"auto, (max-width: 720px) 100vw, 720px\" \/>                                                   <\/div>\n                                                                                                                        <div class=\"lg:aspect-[450\/640] aspect-[328\/224] swiper-slide\">\n                                                         <img loading=\"lazy\" decoding=\"async\" width=\"1619\" height=\"1080\" src=\"https:\/\/thekontiki.com\/wp-content\/uploads\/The-Kontiki-van-der-Valk-1619x1080.webp\" class=\"w-full h-full object-cover\" alt=\"The Kontiki van der Valk\" srcset=\"https:\/\/thekontiki.com\/wp-content\/uploads\/The-Kontiki-van-der-Valk-1619x1080.webp 1619w, https:\/\/thekontiki.com\/wp-content\/uploads\/The-Kontiki-van-der-Valk-1079x720.webp 1079w, https:\/\/thekontiki.com\/wp-content\/uploads\/The-Kontiki-van-der-Valk-768x512.webp 768w, https:\/\/thekontiki.com\/wp-content\/uploads\/The-Kontiki-van-der-Valk-1536x1025.webp 1536w, https:\/\/thekontiki.com\/wp-content\/uploads\/The-Kontiki-van-der-Valk.webp 1920w\" sizes=\"auto, (max-width: 1619px) 100vw, 1619px\" \/>                                                   <\/div>\n                                                                                                                        <div class=\"lg:aspect-[450\/640] aspect-[328\/224] swiper-slide\">\n                                                         <img loading=\"lazy\" decoding=\"async\" width=\"1619\" height=\"1080\" src=\"https:\/\/thekontiki.com\/wp-content\/uploads\/van-der-Valk-Curacao-1619x1080.webp\" class=\"w-full h-full object-cover\" alt=\"van der Valk Curacao\" srcset=\"https:\/\/thekontiki.com\/wp-content\/uploads\/van-der-Valk-Curacao-1619x1080.webp 1619w, https:\/\/thekontiki.com\/wp-content\/uploads\/van-der-Valk-Curacao-1079x720.webp 1079w, https:\/\/thekontiki.com\/wp-content\/uploads\/van-der-Valk-Curacao-768x512.webp 768w, https:\/\/thekontiki.com\/wp-content\/uploads\/van-der-Valk-Curacao-1536x1025.webp 1536w, https:\/\/thekontiki.com\/wp-content\/uploads\/van-der-Valk-Curacao.webp 1920w\" sizes=\"auto, (max-width: 1619px) 100vw, 1619px\" \/>                                                   <\/div>\n                                                                                                                        <div class=\"lg:aspect-[450\/640] aspect-[328\/224] swiper-slide\">\n                                                         <img loading=\"lazy\" decoding=\"async\" width=\"1620\" height=\"1080\" src=\"https:\/\/thekontiki.com\/wp-content\/uploads\/Hotel-van-der-Valk-Kontiki-Beach-Resort-1620x1080.webp\" class=\"w-full h-full object-cover\" alt=\"Hotel van der Valk Kontiki Beach Resort\" srcset=\"https:\/\/thekontiki.com\/wp-content\/uploads\/Hotel-van-der-Valk-Kontiki-Beach-Resort-1620x1080.webp 1620w, https:\/\/thekontiki.com\/wp-content\/uploads\/Hotel-van-der-Valk-Kontiki-Beach-Resort-1080x720.webp 1080w, https:\/\/thekontiki.com\/wp-content\/uploads\/Hotel-van-der-Valk-Kontiki-Beach-Resort-768x512.webp 768w, https:\/\/thekontiki.com\/wp-content\/uploads\/Hotel-van-der-Valk-Kontiki-Beach-Resort-1536x1024.webp 1536w, https:\/\/thekontiki.com\/wp-content\/uploads\/Hotel-van-der-Valk-Kontiki-Beach-Resort.webp 1920w\" sizes=\"auto, (max-width: 1620px) 100vw, 1620px\" \/>                                                   <\/div>\n                                                                                                                        <div class=\"lg:aspect-[450\/640] aspect-[328\/224] swiper-slide\">\n                                                         <img loading=\"lazy\" decoding=\"async\" width=\"1620\" height=\"1080\" src=\"https:\/\/thekontiki.com\/wp-content\/uploads\/vd-Valk-Curacao-all-inclusive-1620x1080.webp\" class=\"w-full h-full object-cover\" alt=\"vd Valk Curacao all inclusive\" srcset=\"https:\/\/thekontiki.com\/wp-content\/uploads\/vd-Valk-Curacao-all-inclusive-1620x1080.webp 1620w, https:\/\/thekontiki.com\/wp-content\/uploads\/vd-Valk-Curacao-all-inclusive-1080x720.webp 1080w, https:\/\/thekontiki.com\/wp-content\/uploads\/vd-Valk-Curacao-all-inclusive-768x512.webp 768w, https:\/\/thekontiki.com\/wp-content\/uploads\/vd-Valk-Curacao-all-inclusive-1536x1024.webp 1536w, https:\/\/thekontiki.com\/wp-content\/uploads\/vd-Valk-Curacao-all-inclusive.webp 1920w\" sizes=\"auto, (max-width: 1620px) 100vw, 1620px\" \/>                                                   <\/div>\n                                                                                                                        <div class=\"lg:aspect-[450\/640] aspect-[328\/224] swiper-slide\">\n                                                         <img loading=\"lazy\" decoding=\"async\" width=\"720\" height=\"1080\" src=\"https:\/\/thekontiki.com\/wp-content\/uploads\/Kontiki-Beach-Resort-Luxe-720x1080.webp\" class=\"w-full h-full object-cover\" alt=\"Kontiki Beach Resort Luxe\" srcset=\"https:\/\/thekontiki.com\/wp-content\/uploads\/Kontiki-Beach-Resort-Luxe-720x1080.webp 720w, https:\/\/thekontiki.com\/wp-content\/uploads\/Kontiki-Beach-Resort-Luxe-480x720.webp 480w, https:\/\/thekontiki.com\/wp-content\/uploads\/Kontiki-Beach-Resort-Luxe-768x1152.webp 768w, https:\/\/thekontiki.com\/wp-content\/uploads\/Kontiki-Beach-Resort-Luxe-1024x1536.webp 1024w, https:\/\/thekontiki.com\/wp-content\/uploads\/Kontiki-Beach-Resort-Luxe.webp 1280w\" sizes=\"auto, (max-width: 720px) 100vw, 720px\" \/>                                                   <\/div>\n                                                                                                                        <div class=\"lg:aspect-[450\/640] aspect-[328\/224] swiper-slide\">\n                                                         <img loading=\"lazy\" decoding=\"async\" width=\"720\" height=\"1080\" src=\"https:\/\/thekontiki.com\/wp-content\/uploads\/Curacao-van-der-Valk-720x1080.webp\" class=\"w-full h-full object-cover\" alt=\"Curacao van der Valk\" srcset=\"https:\/\/thekontiki.com\/wp-content\/uploads\/Curacao-van-der-Valk-720x1080.webp 720w, https:\/\/thekontiki.com\/wp-content\/uploads\/Curacao-van-der-Valk-480x720.webp 480w, https:\/\/thekontiki.com\/wp-content\/uploads\/Curacao-van-der-Valk-768x1152.webp 768w, https:\/\/thekontiki.com\/wp-content\/uploads\/Curacao-van-der-Valk-1024x1536.webp 1024w, https:\/\/thekontiki.com\/wp-content\/uploads\/Curacao-van-der-Valk.webp 1080w\" sizes=\"auto, (max-width: 720px) 100vw, 720px\" \/>                                                   <\/div>\n                     \n               <\/div>\n            <\/div>\n\n            \n               <\/div>\n      <div class=\"lg:col-span-3 mx-6 lg:mx-0  lg:order-1 \">\n         <div class=\"sticky top-40 grid gap-8\">\n                           <h2 class=\"text-h6 lg:text-h4 font-bold\">Quartos &amp; su\u00edtes<\/h2>\n                                       <div class=\"prose\"><p class=\"p1\">Desfrute da vida insular nos nossos alojamentos e su\u00edtes de luxo. Uma estadia caribenha acolhedora nos nossos quartos superiores tropicais ou relaxe completamente nas nossas su\u00edtes de luxo. O nosso hotel \u00e9 dedicado ao relaxamento, desacelerando o seu ritmo para o compasso tranquilo de Cura\u00e7ao. Conforto sumptuoso misturado com um ambiente excecional.   <\/p>\n<\/div>\n                            <div class=\"flex flex-wrap  gap-6 justify-left\">\n        \n        \n            \n<a href=\"https:\/\/thekontiki.com\/pt-pt\/lodges-suites\/\" class=\" hollow button relative group flex p-0 overflow-hidden hover:scale-[98%] transition-transform duration-500\" target=\"\">\n    <span class=\"px-6 py-3 w-full h-full flex-center block relative group-hover:-translate-y-full transition-transform duration-500 rotate-0 group-hover:-rotate-5\">Saiba mais<\/span>\n    <span class=\"px-6 py-3 absolute inset-0 w-full h-full flex-center top-full group-hover:-translate-y-full transition-transform duration-500 rotate-5 group-hover:rotate-0\">Saiba mais<\/span>\n<\/a>\n            <\/div>\n\n         <\/div>\n      <\/div>\n   <\/div>\n<\/section>\n\n\n\n<section class=\"video relative\">\n         <div class=\"absolute inset-10 flex-center z-20\">\n         <h2 class=\"text-h4 text-center lg:text-h2 text-white\">Baixe os ombros, relaxe e sinta-se bem. <\/h2>\n      <\/div>\n      <div class=\"overlay absolute inset-0 z-10 bg-black\/15\"><\/div>\n   \t\n\t\t   \t\n<\/section>\n\n\n<section class=\"text-images  relative \n   bg-green-light      py-20 lg:py-30       \"\n      >\n   <div class=\"lg:container lg:grid lg:grid-cols-12 lg:gap-4\">\n            <div class=\"lg:col-span-8 mb-16 lg:mb-0 \">\n         \n\n            \n            <div class=\"swiper-images overflow-hidden px-6 lg:px-0\" >\n               <div class=\"swiper-wrapper lg:!grid lg:grid-cols-2 lg:gap-4\">\n\n                     \n                                                                                                                        <div class=\"lg:col-span-2 lg:aspect-[922\/970] aspect-[328\/224] swiper-slide\">\n                                                         <img loading=\"lazy\" decoding=\"async\" width=\"1620\" height=\"1080\" src=\"https:\/\/thekontiki.com\/wp-content\/uploads\/2025\/05\/Kontiki-LaurevanHijfte-0061-1620x1080.webp\" class=\"w-full h-full object-cover\" alt=\"\" srcset=\"https:\/\/thekontiki.com\/wp-content\/uploads\/2025\/05\/Kontiki-LaurevanHijfte-0061-1620x1080.webp 1620w, https:\/\/thekontiki.com\/wp-content\/uploads\/2025\/05\/Kontiki-LaurevanHijfte-0061-1080x720.webp 1080w, https:\/\/thekontiki.com\/wp-content\/uploads\/2025\/05\/Kontiki-LaurevanHijfte-0061-768x512.webp 768w, https:\/\/thekontiki.com\/wp-content\/uploads\/2025\/05\/Kontiki-LaurevanHijfte-0061-1536x1024.webp 1536w, https:\/\/thekontiki.com\/wp-content\/uploads\/2025\/05\/Kontiki-LaurevanHijfte-0061.webp 1920w\" sizes=\"auto, (max-width: 1620px) 100vw, 1620px\" \/>                                                   <\/div>\n                                                                                                                        <div class=\"lg:aspect-[450\/640] aspect-[328\/224] swiper-slide\">\n                                                         <img loading=\"lazy\" decoding=\"async\" width=\"1620\" height=\"1080\" src=\"https:\/\/thekontiki.com\/wp-content\/uploads\/2025\/05\/Kontiki-LaurevanHijfte-0048-1620x1080.webp\" class=\"w-full h-full object-cover\" alt=\"\" srcset=\"https:\/\/thekontiki.com\/wp-content\/uploads\/2025\/05\/Kontiki-LaurevanHijfte-0048-1620x1080.webp 1620w, https:\/\/thekontiki.com\/wp-content\/uploads\/2025\/05\/Kontiki-LaurevanHijfte-0048-1080x720.webp 1080w, https:\/\/thekontiki.com\/wp-content\/uploads\/2025\/05\/Kontiki-LaurevanHijfte-0048-768x512.webp 768w, https:\/\/thekontiki.com\/wp-content\/uploads\/2025\/05\/Kontiki-LaurevanHijfte-0048-1536x1024.webp 1536w, https:\/\/thekontiki.com\/wp-content\/uploads\/2025\/05\/Kontiki-LaurevanHijfte-0048.webp 1920w\" sizes=\"auto, (max-width: 1620px) 100vw, 1620px\" \/>                                                   <\/div>\n                                                                                                                        <div class=\"lg:aspect-[450\/640] aspect-[328\/224] swiper-slide\">\n                                                         <img loading=\"lazy\" decoding=\"async\" width=\"720\" height=\"1080\" src=\"https:\/\/thekontiki.com\/wp-content\/uploads\/2025\/05\/Kontiki-LaurevanHijfte-0018-720x1080.webp\" class=\"w-full h-full object-cover\" alt=\"\" srcset=\"https:\/\/thekontiki.com\/wp-content\/uploads\/2025\/05\/Kontiki-LaurevanHijfte-0018-720x1080.webp 720w, https:\/\/thekontiki.com\/wp-content\/uploads\/2025\/05\/Kontiki-LaurevanHijfte-0018-480x720.webp 480w, https:\/\/thekontiki.com\/wp-content\/uploads\/2025\/05\/Kontiki-LaurevanHijfte-0018-768x1152.webp 768w, https:\/\/thekontiki.com\/wp-content\/uploads\/2025\/05\/Kontiki-LaurevanHijfte-0018-1024x1536.webp 1024w, https:\/\/thekontiki.com\/wp-content\/uploads\/2025\/05\/Kontiki-LaurevanHijfte-0018.webp 1080w\" sizes=\"auto, (max-width: 720px) 100vw, 720px\" \/>                                                   <\/div>\n                     \n               <\/div>\n            <\/div>\n\n            \n               <\/div>\n      <div class=\"lg:col-span-3 mx-6 lg:mx-0  lg:col-start-10 \">\n         <div class=\"sticky top-40 grid gap-8\">\n                           <h2 class=\"text-h6 lg:text-h4 font-bold\">Clubes de praia<\/h2>\n                                       <div class=\"prose\"><p>Se ficar no The Kontiki, n\u00e3o pode perder os nossos clubes de praia. Cada clube tem a sua pr\u00f3pria atmosfera distintiva. Quer queira desfrutar de bebidas, petiscos e m\u00fasica ao vivo, ter uma excelente experi\u00eancia culin\u00e1ria ou celebrar o p\u00f4r-do-sol com deliciosos cocktails&#8230; deixe-se levar e desfrute da vida na ilha.  <\/p>\n<\/div>\n                            <div class=\"flex flex-wrap  gap-6 justify-left\">\n        \n        \n            \n<a href=\"https:\/\/thekontiki.com\/pt-pt\/beach-clubs\/\" class=\" hollow button relative group flex p-0 overflow-hidden hover:scale-[98%] transition-transform duration-500\" target=\"\">\n    <span class=\"px-6 py-3 w-full h-full flex-center block relative group-hover:-translate-y-full transition-transform duration-500 rotate-0 group-hover:-rotate-5\">Leve-me at\u00e9 l\u00e1<\/span>\n    <span class=\"px-6 py-3 absolute inset-0 w-full h-full flex-center top-full group-hover:-translate-y-full transition-transform duration-500 rotate-5 group-hover:rotate-0\">Leve-me at\u00e9 l\u00e1<\/span>\n<\/a>\n            <\/div>\n\n         <\/div>\n      <\/div>\n   <\/div>\n<\/section>\n\n\n\n<section class=\"video relative\">\n         <div class=\"absolute inset-10 flex-center z-20\">\n         <h2 class=\"text-h4 text-center lg:text-h2 text-white\">Uma estadia descontra\u00edda e vibrante, definida pela excel\u00eancia.<\/h2>\n      <\/div>\n      <div class=\"overlay absolute inset-0 z-10 bg-black\/15\"><\/div>\n   \t\n\t\t   \t\n<\/section>\n\n\n<section class=\"text-images  relative \n         my-20 lg:my-30\n      \"\n      >\n   <div class=\"lg:container lg:grid lg:grid-cols-12 lg:gap-4\">\n            <div class=\"lg:col-span-8 mb-16 lg:mb-0  lg:col-start-5 lg:order-2 \">\n         \n\n            \n            <div class=\"swiper-images overflow-hidden px-6 lg:px-0\" >\n               <div class=\"swiper-wrapper lg:!grid lg:grid-cols-2 lg:gap-4\">\n\n                     \n                                                                                                                        <div class=\"lg:col-span-2 lg:aspect-[922\/970] aspect-[328\/224] swiper-slide\">\n                                                         <img loading=\"lazy\" decoding=\"async\" width=\"1620\" height=\"1080\" src=\"https:\/\/thekontiki.com\/wp-content\/uploads\/2025\/05\/Kontiki-LaurevanHijfte-0099-1620x1080.webp\" class=\"w-full h-full object-cover\" alt=\"\" srcset=\"https:\/\/thekontiki.com\/wp-content\/uploads\/2025\/05\/Kontiki-LaurevanHijfte-0099-1620x1080.webp 1620w, https:\/\/thekontiki.com\/wp-content\/uploads\/2025\/05\/Kontiki-LaurevanHijfte-0099-1080x720.webp 1080w, https:\/\/thekontiki.com\/wp-content\/uploads\/2025\/05\/Kontiki-LaurevanHijfte-0099-768x512.webp 768w, https:\/\/thekontiki.com\/wp-content\/uploads\/2025\/05\/Kontiki-LaurevanHijfte-0099-1536x1024.webp 1536w, https:\/\/thekontiki.com\/wp-content\/uploads\/2025\/05\/Kontiki-LaurevanHijfte-0099.webp 1920w\" sizes=\"auto, (max-width: 1620px) 100vw, 1620px\" \/>                                                   <\/div>\n                                                                                                                        <div class=\"lg:aspect-[450\/640] aspect-[328\/224] swiper-slide\">\n                                                         <img loading=\"lazy\" decoding=\"async\" width=\"720\" height=\"1080\" src=\"https:\/\/thekontiki.com\/wp-content\/uploads\/2025\/05\/Kontiki-LaurevanHijfte-0006-720x1080.webp\" class=\"w-full h-full object-cover\" alt=\"\" srcset=\"https:\/\/thekontiki.com\/wp-content\/uploads\/2025\/05\/Kontiki-LaurevanHijfte-0006-720x1080.webp 720w, https:\/\/thekontiki.com\/wp-content\/uploads\/2025\/05\/Kontiki-LaurevanHijfte-0006-480x720.webp 480w, https:\/\/thekontiki.com\/wp-content\/uploads\/2025\/05\/Kontiki-LaurevanHijfte-0006-768x1152.webp 768w, https:\/\/thekontiki.com\/wp-content\/uploads\/2025\/05\/Kontiki-LaurevanHijfte-0006-1024x1536.webp 1024w, https:\/\/thekontiki.com\/wp-content\/uploads\/2025\/05\/Kontiki-LaurevanHijfte-0006.webp 1080w\" sizes=\"auto, (max-width: 720px) 100vw, 720px\" \/>                                                   <\/div>\n                                                                                                                        <div class=\"lg:aspect-[450\/640] aspect-[328\/224] swiper-slide\">\n                                                         <img loading=\"lazy\" decoding=\"async\" width=\"1620\" height=\"1080\" src=\"https:\/\/thekontiki.com\/wp-content\/uploads\/2025\/05\/Kontiki-LaurevanHijfte-0100-1620x1080.webp\" class=\"w-full h-full object-cover\" alt=\"\" srcset=\"https:\/\/thekontiki.com\/wp-content\/uploads\/2025\/05\/Kontiki-LaurevanHijfte-0100-1620x1080.webp 1620w, https:\/\/thekontiki.com\/wp-content\/uploads\/2025\/05\/Kontiki-LaurevanHijfte-0100-1080x720.webp 1080w, https:\/\/thekontiki.com\/wp-content\/uploads\/2025\/05\/Kontiki-LaurevanHijfte-0100-768x512.webp 768w, https:\/\/thekontiki.com\/wp-content\/uploads\/2025\/05\/Kontiki-LaurevanHijfte-0100-1536x1024.webp 1536w, https:\/\/thekontiki.com\/wp-content\/uploads\/2025\/05\/Kontiki-LaurevanHijfte-0100.webp 1920w\" sizes=\"auto, (max-width: 1620px) 100vw, 1620px\" \/>                                                   <\/div>\n                     \n               <\/div>\n            <\/div>\n\n            \n               <\/div>\n      <div class=\"lg:col-span-3 mx-6 lg:mx-0  lg:order-1 \">\n         <div class=\"sticky top-40 grid gap-8\">\n                           <h2 class=\"text-h6 lg:text-h4 font-bold\">Bem-estar<\/h2>\n                                       <div class=\"prose\"><p>O modo como a vida decorre nas ilhas \u00e9 como sempre foi. Agradavelmente lento. Combinamos a vida tradicional da ilha com um sentimento contempor\u00e2neo de bem-estar. \u00c9 aqui que deixa a pressa \u00e0 porta, baixa os ombros e permite que cuidemos da excel\u00eancia descontra\u00edda e vibrante pela qual somos conhecidos.   <\/p>\n<\/div>\n                            <div class=\"flex flex-wrap  gap-6 justify-left\">\n        \n        \n            \n<a href=\"https:\/\/thekontiki.com\/pt-pt\/wellbeing\/\" class=\" hollow button relative group flex p-0 overflow-hidden hover:scale-[98%] transition-transform duration-500\" target=\"\">\n    <span class=\"px-6 py-3 w-full h-full flex-center block relative group-hover:-translate-y-full transition-transform duration-500 rotate-0 group-hover:-rotate-5\">Saiba mais<\/span>\n    <span class=\"px-6 py-3 absolute inset-0 w-full h-full flex-center top-full group-hover:-translate-y-full transition-transform duration-500 rotate-5 group-hover:rotate-0\">Saiba mais<\/span>\n<\/a>\n            <\/div>\n\n         <\/div>\n      <\/div>\n   <\/div>\n<\/section>\n\n\n\n\n<section class=\"text-images  relative \n   bg-turquoise      py-20 lg:py-30 text-white      \"\n   style=\"background: url(https:\/\/thekontiki.com\/wp-content\/themes\/kontiki\/assets\/img\/bg_texture.jpg) no-repeat center center \/ cover;\"   >\n   <div class=\"lg:container lg:grid lg:grid-cols-12 lg:gap-4\">\n            <div class=\"lg:col-span-8 mb-16 lg:mb-0  lg:col-start-5 lg:order-2 \">\n         \n\n            \n            <div class=\"swiper-images overflow-hidden px-6 lg:px-0\" >\n               <div class=\"swiper-wrapper lg:!grid lg:grid-cols-2 lg:gap-4\">\n\n                     \n                                                                                                                        <div class=\"lg:col-span-2 lg:aspect-[922\/970] aspect-[328\/224] swiper-slide\">\n                                                         <img loading=\"lazy\" decoding=\"async\" width=\"720\" height=\"1080\" src=\"https:\/\/thekontiki.com\/wp-content\/uploads\/2025\/05\/Kontiki-LaurevanHijfte-0067-720x1080.webp\" class=\"w-full h-full object-cover\" alt=\"\" srcset=\"https:\/\/thekontiki.com\/wp-content\/uploads\/2025\/05\/Kontiki-LaurevanHijfte-0067-720x1080.webp 720w, https:\/\/thekontiki.com\/wp-content\/uploads\/2025\/05\/Kontiki-LaurevanHijfte-0067-480x720.webp 480w, https:\/\/thekontiki.com\/wp-content\/uploads\/2025\/05\/Kontiki-LaurevanHijfte-0067-768x1152.webp 768w, https:\/\/thekontiki.com\/wp-content\/uploads\/2025\/05\/Kontiki-LaurevanHijfte-0067-1024x1536.webp 1024w, https:\/\/thekontiki.com\/wp-content\/uploads\/2025\/05\/Kontiki-LaurevanHijfte-0067.webp 1080w\" sizes=\"auto, (max-width: 720px) 100vw, 720px\" \/>                                                   <\/div>\n                                                                                                                        <div class=\"lg:aspect-[450\/640] aspect-[328\/224] swiper-slide\">\n                                                         <img loading=\"lazy\" decoding=\"async\" width=\"1620\" height=\"1080\" src=\"https:\/\/thekontiki.com\/wp-content\/uploads\/2025\/05\/Kontiki-LaurevanHijfte-0126-1620x1080.jpg\" class=\"w-full h-full object-cover\" alt=\"\" srcset=\"https:\/\/thekontiki.com\/wp-content\/uploads\/2025\/05\/Kontiki-LaurevanHijfte-0126-1620x1080.jpg 1620w, https:\/\/thekontiki.com\/wp-content\/uploads\/2025\/05\/Kontiki-LaurevanHijfte-0126-1080x720.jpg 1080w, https:\/\/thekontiki.com\/wp-content\/uploads\/2025\/05\/Kontiki-LaurevanHijfte-0126-768x512.jpg 768w, https:\/\/thekontiki.com\/wp-content\/uploads\/2025\/05\/Kontiki-LaurevanHijfte-0126-1536x1024.jpg 1536w, https:\/\/thekontiki.com\/wp-content\/uploads\/2025\/05\/Kontiki-LaurevanHijfte-0126.jpg 1920w\" sizes=\"auto, (max-width: 1620px) 100vw, 1620px\" \/>                                                   <\/div>\n                                                                                                                        <div class=\"lg:aspect-[450\/640] aspect-[328\/224] swiper-slide\">\n                                                         <img loading=\"lazy\" decoding=\"async\" width=\"1620\" height=\"1080\" src=\"https:\/\/thekontiki.com\/wp-content\/uploads\/2025\/05\/Kontiki-LaurevanHijfte-0054-1620x1080.webp\" class=\"w-full h-full object-cover\" alt=\"\" srcset=\"https:\/\/thekontiki.com\/wp-content\/uploads\/2025\/05\/Kontiki-LaurevanHijfte-0054-1620x1080.webp 1620w, https:\/\/thekontiki.com\/wp-content\/uploads\/2025\/05\/Kontiki-LaurevanHijfte-0054-1080x720.webp 1080w, https:\/\/thekontiki.com\/wp-content\/uploads\/2025\/05\/Kontiki-LaurevanHijfte-0054-768x512.webp 768w, https:\/\/thekontiki.com\/wp-content\/uploads\/2025\/05\/Kontiki-LaurevanHijfte-0054-1536x1024.webp 1536w, https:\/\/thekontiki.com\/wp-content\/uploads\/2025\/05\/Kontiki-LaurevanHijfte-0054.webp 1920w\" sizes=\"auto, (max-width: 1620px) 100vw, 1620px\" \/>                                                   <\/div>\n                                                                                                                        <div class=\"lg:aspect-[450\/640] aspect-[328\/224] swiper-slide\">\n                                                         <img loading=\"lazy\" decoding=\"async\" width=\"720\" height=\"1080\" src=\"https:\/\/thekontiki.com\/wp-content\/uploads\/2025\/05\/Kontiki-LaurevanHijfte-0071-720x1080.webp\" class=\"w-full h-full object-cover\" alt=\"\" srcset=\"https:\/\/thekontiki.com\/wp-content\/uploads\/2025\/05\/Kontiki-LaurevanHijfte-0071-720x1080.webp 720w, https:\/\/thekontiki.com\/wp-content\/uploads\/2025\/05\/Kontiki-LaurevanHijfte-0071-480x720.webp 480w, https:\/\/thekontiki.com\/wp-content\/uploads\/2025\/05\/Kontiki-LaurevanHijfte-0071-768x1152.webp 768w, https:\/\/thekontiki.com\/wp-content\/uploads\/2025\/05\/Kontiki-LaurevanHijfte-0071-1024x1536.webp 1024w, https:\/\/thekontiki.com\/wp-content\/uploads\/2025\/05\/Kontiki-LaurevanHijfte-0071.webp 1280w\" sizes=\"auto, (max-width: 720px) 100vw, 720px\" \/>                                                   <\/div>\n                                                                                                                        <div class=\"lg:aspect-[450\/640] aspect-[328\/224] swiper-slide\">\n                                                         <img loading=\"lazy\" decoding=\"async\" width=\"1620\" height=\"1080\" src=\"https:\/\/thekontiki.com\/wp-content\/uploads\/2025\/05\/Kontiki-LaurevanHijfte-0127-1620x1080.jpg\" class=\"w-full h-full object-cover\" alt=\"\" srcset=\"https:\/\/thekontiki.com\/wp-content\/uploads\/2025\/05\/Kontiki-LaurevanHijfte-0127-1620x1080.jpg 1620w, https:\/\/thekontiki.com\/wp-content\/uploads\/2025\/05\/Kontiki-LaurevanHijfte-0127-1080x720.jpg 1080w, https:\/\/thekontiki.com\/wp-content\/uploads\/2025\/05\/Kontiki-LaurevanHijfte-0127-768x512.jpg 768w, https:\/\/thekontiki.com\/wp-content\/uploads\/2025\/05\/Kontiki-LaurevanHijfte-0127-1536x1024.jpg 1536w, https:\/\/thekontiki.com\/wp-content\/uploads\/2025\/05\/Kontiki-LaurevanHijfte-0127.jpg 1920w\" sizes=\"auto, (max-width: 1620px) 100vw, 1620px\" \/>                                                   <\/div>\n                     \n               <\/div>\n            <\/div>\n\n            \n               <\/div>\n      <div class=\"lg:col-span-3 mx-6 lg:mx-0  lg:order-1 \">\n         <div class=\"sticky top-40 grid gap-8\">\n                           <h2 class=\"text-h6 lg:text-h4 font-bold\">Explore o para\u00edso<\/h2>\n                                       <div class=\"prose\"><p>Para aqueles que s\u00e3o guiados pela maravilha e uma b\u00fassola que se inclina para o desconhecido, Cura\u00e7ao n\u00e3o \u00e9 apenas um destino \u2014 \u00e9 uma jornada que se desenrola. A ilha \u00e9 um mosaico vivo de culturas, cores e contrastes. Cada curva da costa revela algo novo: uma enseada escondida, uma praia tranquila, um penhasco que se inclina para o azul infinito.  <\/p>\n<p>Vagueie pelas ruelas de Willemstad, onde fachadas coloniais sussurram s\u00e9culos passados e arte de rua ousada fala do presente. Mergulhe sob as ondas e descubra jardins de coral, navios afundados e peixes t\u00e3o brilhantes que parecem sa\u00eddos da imagina\u00e7\u00e3o. Dirija-se para o interior, onde colinas cobertas de cactos e a beleza crua do Parque Nacional Christoffel aguardam aqueles que preferem os caminhos menos trilhados.  <\/p>\n<p>Cura\u00e7ao \u00e9 algo que se explora, camada por camada, hist\u00f3ria por hist\u00f3ria. E se o encontrar com olhos abertos e uma mente aberta, continua a revelar mais, dia ap\u00f3s dia. <\/p>\n<\/div>\n                            <div class=\"flex flex-wrap  gap-6 justify-left\">\n        \n        \n            \n<a href=\"https:\/\/thekontiki.com\/pt-pt\/curacao-activities\/\" class=\" hollow button relative group flex p-0 overflow-hidden hover:scale-[98%] transition-transform duration-500\" target=\"\">\n    <span class=\"px-6 py-3 w-full h-full flex-center block relative group-hover:-translate-y-full transition-transform duration-500 rotate-0 group-hover:-rotate-5\">Saiba mais<\/span>\n    <span class=\"px-6 py-3 absolute inset-0 w-full h-full flex-center top-full group-hover:-translate-y-full transition-transform duration-500 rotate-5 group-hover:rotate-0\">Saiba mais<\/span>\n<\/a>\n            <\/div>\n\n         <\/div>\n      <\/div>\n   <\/div>\n<\/section>\n\n\n\n\n<section class=\"text-images  relative \n         my-20 lg:my-30\n      \"\n      >\n   <div class=\"lg:container lg:grid lg:grid-cols-12 lg:gap-4\">\n            <div class=\"lg:col-span-8 mb-16 lg:mb-0 \">\n         \n\n            \n            <div class=\"swiper-images overflow-hidden px-6 lg:px-0\" >\n               <div class=\"swiper-wrapper lg:!grid lg:grid-cols-2 lg:gap-4\">\n\n                     \n                                                                                                                        <div class=\"lg:col-span-2 lg:aspect-[922\/970] aspect-[328\/224] swiper-slide\">\n                                                         <img loading=\"lazy\" decoding=\"async\" width=\"1620\" height=\"1080\" src=\"https:\/\/thekontiki.com\/wp-content\/uploads\/2025\/05\/Kontiki-LaurevanHijfte-0039-1620x1080.webp\" class=\"w-full h-full object-cover\" alt=\"\" srcset=\"https:\/\/thekontiki.com\/wp-content\/uploads\/2025\/05\/Kontiki-LaurevanHijfte-0039-1620x1080.webp 1620w, https:\/\/thekontiki.com\/wp-content\/uploads\/2025\/05\/Kontiki-LaurevanHijfte-0039-1080x720.webp 1080w, https:\/\/thekontiki.com\/wp-content\/uploads\/2025\/05\/Kontiki-LaurevanHijfte-0039-768x512.webp 768w, https:\/\/thekontiki.com\/wp-content\/uploads\/2025\/05\/Kontiki-LaurevanHijfte-0039-1536x1024.webp 1536w, https:\/\/thekontiki.com\/wp-content\/uploads\/2025\/05\/Kontiki-LaurevanHijfte-0039.webp 1920w\" sizes=\"auto, (max-width: 1620px) 100vw, 1620px\" \/>                                                   <\/div>\n                                                                                                                        <div class=\"lg:aspect-[450\/640] aspect-[328\/224] swiper-slide\">\n                                                         <img loading=\"lazy\" decoding=\"async\" width=\"1620\" height=\"1080\" src=\"https:\/\/thekontiki.com\/wp-content\/uploads\/2025\/05\/Kontiki-LaurevanHijfte-0096-1620x1080.webp\" class=\"w-full h-full object-cover\" alt=\"\" srcset=\"https:\/\/thekontiki.com\/wp-content\/uploads\/2025\/05\/Kontiki-LaurevanHijfte-0096-1620x1080.webp 1620w, https:\/\/thekontiki.com\/wp-content\/uploads\/2025\/05\/Kontiki-LaurevanHijfte-0096-1080x720.webp 1080w, https:\/\/thekontiki.com\/wp-content\/uploads\/2025\/05\/Kontiki-LaurevanHijfte-0096-768x512.webp 768w, https:\/\/thekontiki.com\/wp-content\/uploads\/2025\/05\/Kontiki-LaurevanHijfte-0096-1536x1024.webp 1536w, https:\/\/thekontiki.com\/wp-content\/uploads\/2025\/05\/Kontiki-LaurevanHijfte-0096.webp 1920w\" sizes=\"auto, (max-width: 1620px) 100vw, 1620px\" \/>                                                   <\/div>\n                                                                                                                        <div class=\"lg:aspect-[450\/640] aspect-[328\/224] swiper-slide\">\n                                                         <img loading=\"lazy\" decoding=\"async\" width=\"1620\" height=\"1080\" src=\"https:\/\/thekontiki.com\/wp-content\/uploads\/2025\/05\/Kontiki-LaurevanHijfte-0052-1620x1080.webp\" class=\"w-full h-full object-cover\" alt=\"\" srcset=\"https:\/\/thekontiki.com\/wp-content\/uploads\/2025\/05\/Kontiki-LaurevanHijfte-0052-1620x1080.webp 1620w, https:\/\/thekontiki.com\/wp-content\/uploads\/2025\/05\/Kontiki-LaurevanHijfte-0052-1080x720.webp 1080w, https:\/\/thekontiki.com\/wp-content\/uploads\/2025\/05\/Kontiki-LaurevanHijfte-0052-768x512.webp 768w, https:\/\/thekontiki.com\/wp-content\/uploads\/2025\/05\/Kontiki-LaurevanHijfte-0052-1536x1024.webp 1536w, https:\/\/thekontiki.com\/wp-content\/uploads\/2025\/05\/Kontiki-LaurevanHijfte-0052.webp 1920w\" sizes=\"auto, (max-width: 1620px) 100vw, 1620px\" \/>                                                   <\/div>\n                     \n               <\/div>\n            <\/div>\n\n            \n               <\/div>\n      <div class=\"lg:col-span-3 mx-6 lg:mx-0  lg:col-start-10 \">\n         <div class=\"sticky top-40 grid gap-8\">\n                           <h2 class=\"text-h6 lg:text-h4 font-bold\">Escapadela rom\u00e2ntica<\/h2>\n                                       <div class=\"prose\"><p>O Kontiki \u00e9 um pequeno para\u00edso. Especialmente quando celebra o amor com a sua cara-metade. \u00c9 o destino onde se descobre, acende e sela o amor. Sob as palmeiras, com a areia entre os dedos dos p\u00e9s, m\u00fasica suave ao fundo, enquanto saboreia cocktails. O que n\u00e3o h\u00e1 para amar.    <\/p>\n<p>Celebre o seu casamento no The Kontiki. A nossa equipa est\u00e1 dedicada a organizar um dia que nunca esquecer\u00e1. <\/p>\n<\/div>\n                            <div class=\"flex flex-wrap  gap-6 justify-left\">\n        \n        \n            \n<a href=\"https:\/\/thekontiki.com\/pt-pt\/facilities\/\" class=\" hollow button relative group flex p-0 overflow-hidden hover:scale-[98%] transition-transform duration-500\" target=\"\">\n    <span class=\"px-6 py-3 w-full h-full flex-center block relative group-hover:-translate-y-full transition-transform duration-500 rotate-0 group-hover:-rotate-5\">Instala\u00e7\u00f5es<\/span>\n    <span class=\"px-6 py-3 absolute inset-0 w-full h-full flex-center top-full group-hover:-translate-y-full transition-transform duration-500 rotate-5 group-hover:rotate-0\">Instala\u00e7\u00f5es<\/span>\n<\/a>\n            <\/div>\n\n         <\/div>\n      <\/div>\n   <\/div>\n<\/section>\n\n\n\n\n<section class=\"text-images  relative \n   bg-turquoise      py-20 lg:py-30 text-white      \"\n   style=\"background: url(https:\/\/thekontiki.com\/wp-content\/themes\/kontiki\/assets\/img\/bg_texture.jpg) no-repeat center center \/ cover;\"   >\n   <div class=\"lg:container lg:grid lg:grid-cols-12 lg:gap-4\">\n            <div class=\"lg:col-span-8 mb-16 lg:mb-0  lg:col-start-5 lg:order-2 \">\n         \n\n            \n            <div class=\"swiper-images overflow-hidden px-6 lg:px-0\" >\n               <div class=\"swiper-wrapper lg:!grid lg:grid-cols-2 lg:gap-4\">\n\n                     \n                                                                                                                        <div class=\"lg:col-span-2 lg:aspect-[922\/970] aspect-[328\/224] swiper-slide\">\n                                                         <img loading=\"lazy\" decoding=\"async\" width=\"720\" height=\"1080\" src=\"https:\/\/thekontiki.com\/wp-content\/uploads\/2025\/05\/JFB2527-720x1080.webp\" class=\"w-full h-full object-cover\" alt=\"Tropical Superior Room\" srcset=\"https:\/\/thekontiki.com\/wp-content\/uploads\/2025\/05\/JFB2527-720x1080.webp 720w, https:\/\/thekontiki.com\/wp-content\/uploads\/2025\/05\/JFB2527-480x720.webp 480w, https:\/\/thekontiki.com\/wp-content\/uploads\/2025\/05\/JFB2527-768x1151.webp 768w, https:\/\/thekontiki.com\/wp-content\/uploads\/2025\/05\/JFB2527-1025x1536.webp 1025w, https:\/\/thekontiki.com\/wp-content\/uploads\/2025\/05\/JFB2527.webp 1080w\" sizes=\"auto, (max-width: 720px) 100vw, 720px\" \/>                                                   <\/div>\n                     \n               <\/div>\n            <\/div>\n\n            \n               <\/div>\n      <div class=\"lg:col-span-3 mx-6 lg:mx-0  lg:order-1 \">\n         <div class=\"sticky top-40 grid gap-8\">\n                           <h2 class=\"text-h6 lg:text-h4 font-bold\">Do Van der Valk a \u201cThe Kontiki&#8221;<\/h2>\n                                       <div class=\"prose\"><p>O Kontiki Beach Resort tem uma rica hist\u00f3ria como um dos destinos mais amados de Cura\u00e7ao. Originalmente estabelecido como Van der Valk the kontiki Beach Resort Cura\u00e7ao, evolu\u00edmos para o que \u00e9 agora The Kontiki. Mantemos a ess\u00eancia do que os h\u00f3spedes sempre valorizaram \u2013 a nossa localiza\u00e7\u00e3o \u00fanica em Mambo Beach e o compromisso com um servi\u00e7o excecional \u2013 enquanto olhamos para um novo e emocionante cap\u00edtulo.<\/p>\n<\/div>\n                            <div class=\"flex flex-wrap  gap-6 justify-left\">\n        \n        \n            \n<a href=\"https:\/\/thekontiki.com\/pt-pt\/about-us\/\" class=\" hollow button relative group flex p-0 overflow-hidden hover:scale-[98%] transition-transform duration-500\" target=\"\">\n    <span class=\"px-6 py-3 w-full h-full flex-center block relative group-hover:-translate-y-full transition-transform duration-500 rotate-0 group-hover:-rotate-5\">Sobre n\u00f3s<\/span>\n    <span class=\"px-6 py-3 absolute inset-0 w-full h-full flex-center top-full group-hover:-translate-y-full transition-transform duration-500 rotate-5 group-hover:rotate-0\">Sobre n\u00f3s<\/span>\n<\/a>\n            <\/div>\n\n         <\/div>\n      <\/div>\n   <\/div>\n<\/section>\n\n\n\n\n<section class=\"accordion my-20 lg:my-30\">\n    <div class=\"container grid gap-8\">\n\n               \n\n\n    <h2 class=\"text-h4\">Perguntas Frequentes<\/h2>\n\n      \n      <div>\n      \n         \n            <div class=\"accordion-item group mt-4\" >\n               <div class=\"accordion-title flex cursor-pointer items-center\">   \n                  <h2 class=\"relative grow overflow-hidden text-h5\">\n                     Que tipos de quartos o resort oferece?                  <\/h2>\n                  <svg class=\"transition-all\" width=\"30\" height=\"30\" viewBox=\"0 0 30 30\" fill=\"none\" xmlns=\"http:\/\/www.w3.org\/2000\/svg\">\n                     <path d=\"M15 6V24\" stroke=\"#212529\" stroke-width=\"2\"\/>\n                     <path d=\"M24 15L6 15\" stroke=\"#212529\" stroke-width=\"2\"\/>\n                  <\/svg>\n               <\/div>\n               <div class=\"accordion-content text-p max-w-[950px] max-h-0 overflow-hidden transition-all\">\n                  <div class=\"pt-4 text-base\">\n                     <p>No The Kontiki, dispomos de op\u00e7\u00f5es para todos os gostos. Ocultos entre palmeiras e plantas tropicais aut\u00f3ctones da ilha, encontrar\u00e1 os quartos Tropical Superior. Experiencie a aut\u00eantica atmosfera caribenha. Nas nossas Suites, desfrutar\u00e1 de um luxo extremo. Existem quatro categorias de Suites: Beach Front, Sea View, Penthouse e The Kontiki Suite. Todas as suites oferecem vista para o oceano, comodidades excepcionais e servi\u00e7o ilimitado. Sente-se curioso? Explore as nossas op\u00e7\u00f5es de Quartos &amp; Suites.       <\/p>\n                  <\/div>\n               <\/div>\n               <div class=\"mt-4 h-[1px] w-full bg-black\"><\/div>\n            <\/div>\n\n         \n            <div class=\"accordion-item group mt-4\" >\n               <div class=\"accordion-title flex cursor-pointer items-center\">   \n                  <h2 class=\"relative grow overflow-hidden text-h5\">\n                     As refei\u00e7\u00f5es podem ser inclu\u00eddas na reserva?                  <\/h2>\n                  <svg class=\"transition-all\" width=\"30\" height=\"30\" viewBox=\"0 0 30 30\" fill=\"none\" xmlns=\"http:\/\/www.w3.org\/2000\/svg\">\n                     <path d=\"M15 6V24\" stroke=\"#212529\" stroke-width=\"2\"\/>\n                     <path d=\"M24 15L6 15\" stroke=\"#212529\" stroke-width=\"2\"\/>\n                  <\/svg>\n               <\/div>\n               <div class=\"accordion-content text-p max-w-[950px] max-h-0 overflow-hidden transition-all\">\n                  <div class=\"pt-4 text-base\">\n                     <p>Sim, os h\u00f3spedes do hotel podem reservar um extenso pequeno-almo\u00e7o como parte da reserva. O pequeno-almo\u00e7o \u00e9 servido no Cabana Beach. O almo\u00e7o e o jantar precisam de ser reservados separadamente e diretamente no website do Mood Beach e Cabana Beach. Certifique-se de que reserva com anteced\u00eancia, pois a disponibilidade \u00e9 limitada.   <\/p>\n                  <\/div>\n               <\/div>\n               <div class=\"mt-4 h-[1px] w-full bg-black\"><\/div>\n            <\/div>\n\n         \n            <div class=\"accordion-item group mt-4\" >\n               <div class=\"accordion-title flex cursor-pointer items-center\">   \n                  <h2 class=\"relative grow overflow-hidden text-h5\">\n                     O resort oferece acesso direto \u00e0 praia?                  <\/h2>\n                  <svg class=\"transition-all\" width=\"30\" height=\"30\" viewBox=\"0 0 30 30\" fill=\"none\" xmlns=\"http:\/\/www.w3.org\/2000\/svg\">\n                     <path d=\"M15 6V24\" stroke=\"#212529\" stroke-width=\"2\"\/>\n                     <path d=\"M24 15L6 15\" stroke=\"#212529\" stroke-width=\"2\"\/>\n                  <\/svg>\n               <\/div>\n               <div class=\"accordion-content text-p max-w-[950px] max-h-0 overflow-hidden transition-all\">\n                  <div class=\"pt-4 text-base\">\n                     <p>Sim, o nome diz tudo: The Kontiki Beach Resort Cura\u00e7ao. O nosso resort oferece acesso a tr\u00eas belas praias. Os h\u00f3spedes do hotel podem usar wifi, espregui\u00e7adeiras e toalhas gratuitamente.  <\/p>\n                  <\/div>\n               <\/div>\n               <div class=\"mt-4 h-[1px] w-full bg-black\"><\/div>\n            <\/div>\n\n         \n            <div class=\"accordion-item group mt-4\" >\n               <div class=\"accordion-title flex cursor-pointer items-center\">   \n                  <h2 class=\"relative grow overflow-hidden text-h5\">\n                     Que instala\u00e7\u00f5es est\u00e3o inclu\u00eddas no quarto?                  <\/h2>\n                  <svg class=\"transition-all\" width=\"30\" height=\"30\" viewBox=\"0 0 30 30\" fill=\"none\" xmlns=\"http:\/\/www.w3.org\/2000\/svg\">\n                     <path d=\"M15 6V24\" stroke=\"#212529\" stroke-width=\"2\"\/>\n                     <path d=\"M24 15L6 15\" stroke=\"#212529\" stroke-width=\"2\"\/>\n                  <\/svg>\n               <\/div>\n               <div class=\"accordion-content text-p max-w-[950px] max-h-0 overflow-hidden transition-all\">\n                  <div class=\"pt-4 text-base\">\n                     <p>Os nossos alojamentos e su\u00edtes est\u00e3o equipados com wifi gratuito, ar condicionado, mini-bar, televis\u00e3o de ecr\u00e3 plano, facilidades para fazer caf\u00e9 e ch\u00e1 e um espa\u00e7oso terra\u00e7o ou varanda. Tudo o que precisa para uma estadia despreocupada. <\/p>\n                  <\/div>\n               <\/div>\n               <div class=\"mt-4 h-[1px] w-full bg-black\"><\/div>\n            <\/div>\n\n         \n            <div class=\"accordion-item group mt-4\" >\n               <div class=\"accordion-title flex cursor-pointer items-center\">   \n                  <h2 class=\"relative grow overflow-hidden text-h5\">\n                     Quais s\u00e3o os hor\u00e1rios de check-in e check-out?                  <\/h2>\n                  <svg class=\"transition-all\" width=\"30\" height=\"30\" viewBox=\"0 0 30 30\" fill=\"none\" xmlns=\"http:\/\/www.w3.org\/2000\/svg\">\n                     <path d=\"M15 6V24\" stroke=\"#212529\" stroke-width=\"2\"\/>\n                     <path d=\"M24 15L6 15\" stroke=\"#212529\" stroke-width=\"2\"\/>\n                  <\/svg>\n               <\/div>\n               <div class=\"accordion-content text-p max-w-[950px] max-h-0 overflow-hidden transition-all\">\n                  <div class=\"pt-4 text-base\">\n                     <p>O check-in come\u00e7a \u00e0s 15h00. O check-out \u00e9 at\u00e9 \u00e0s 11h00. Naturalmente, acomodaremos se a sua hora de chegada for mais cedo ou a sua hora de partida for mais tarde. Por favor, informe-nos.   <\/p>\n                  <\/div>\n               <\/div>\n               <div class=\"mt-4 h-[1px] w-full bg-black\"><\/div>\n            <\/div>\n\n         \n            <div class=\"accordion-item group mt-4\" >\n               <div class=\"accordion-title flex cursor-pointer items-center\">   \n                  <h2 class=\"relative grow overflow-hidden text-h5\">\n                     Qual \u00e9 a hist\u00f3ria do kontiki beach resort cura\u00e7ao?                  <\/h2>\n                  <svg class=\"transition-all\" width=\"30\" height=\"30\" viewBox=\"0 0 30 30\" fill=\"none\" xmlns=\"http:\/\/www.w3.org\/2000\/svg\">\n                     <path d=\"M15 6V24\" stroke=\"#212529\" stroke-width=\"2\"\/>\n                     <path d=\"M24 15L6 15\" stroke=\"#212529\" stroke-width=\"2\"\/>\n                  <\/svg>\n               <\/div>\n               <div class=\"accordion-content text-p max-w-[950px] max-h-0 overflow-hidden transition-all\">\n                  <div class=\"pt-4 text-base\">\n                     <p>O Kontiki Beach Resort tem sido um destino apreciado em Cura\u00e7ao durante muitos anos. Embora anteriormente conhecido como Van der Valk Kontiki Beach Resort, estamos agora entusiasmados por continuar a nossa jornada como \u201cThe Kontiki\u201d. Mantemos a mesma localiza\u00e7\u00e3o excecional e padr\u00f5es de qualidade que nos tornaram um favorito entre os visitantes de Cura\u00e7ao. O esp\u00edrito do The Kontiki Beach Resort permanece inalterado, oferecendo aos h\u00f3spedes a combina\u00e7\u00e3o perfeita entre o encanto caribenho e acomoda\u00e7\u00f5es de luxo.<\/p>\n                  <\/div>\n               <\/div>\n               <div class=\"mt-4 h-[1px] w-full bg-black\"><\/div>\n            <\/div>\n\n         \n            <div class=\"accordion-item group mt-4\" >\n               <div class=\"accordion-title flex cursor-pointer items-center\">   \n                  <h2 class=\"relative grow overflow-hidden text-h5\">\n                     O Kontiki Beach Resort ainda est\u00e1 associado ao Van der Valk Cura\u00e7au?                  <\/h2>\n                  <svg class=\"transition-all\" width=\"30\" height=\"30\" viewBox=\"0 0 30 30\" fill=\"none\" xmlns=\"http:\/\/www.w3.org\/2000\/svg\">\n                     <path d=\"M15 6V24\" stroke=\"#212529\" stroke-width=\"2\"\/>\n                     <path d=\"M24 15L6 15\" stroke=\"#212529\" stroke-width=\"2\"\/>\n                  <\/svg>\n               <\/div>\n               <div class=\"accordion-content text-p max-w-[950px] max-h-0 overflow-hidden transition-all\">\n                  <div class=\"pt-4 text-base\">\n                     <p>O Kontiki Beach Resort Cura\u00e7au evoluiu para um resort de luxo independente. Embora anteriormente oper\u00e1ssemos como Van der Valk, o The Kontiki Beach Resort Cura\u00e7ao (tamb\u00e9m conhecido como VD Valk Cura\u00e7ao ou Van de Valk Curacao por muitos h\u00f3spedes), transit\u00e1mos para um novo cap\u00edtulo como \u201cThe Kontiki\u201d. Os h\u00f3spedes que anteriormente ficaram connosco sob a gest\u00e3o do Van der Valk Cura\u00e7ao Hotel encontrar\u00e3o a mesma localiza\u00e7\u00e3o magn\u00edfica e o servi\u00e7o excecional a que se habituaram.<\/p>\n                  <\/div>\n               <\/div>\n               <div class=\"mt-4 h-[1px] w-full bg-black\"><\/div>\n            <\/div>\n\n         \n            <div class=\"accordion-item group mt-4\" >\n               <div class=\"accordion-title flex cursor-pointer items-center\">   \n                  <h2 class=\"relative grow overflow-hidden text-h5\">\n                     Como chego ao Kontiki Beach Resort Cura\u00e7au a partir do aeroporto?                  <\/h2>\n                  <svg class=\"transition-all\" width=\"30\" height=\"30\" viewBox=\"0 0 30 30\" fill=\"none\" xmlns=\"http:\/\/www.w3.org\/2000\/svg\">\n                     <path d=\"M15 6V24\" stroke=\"#212529\" stroke-width=\"2\"\/>\n                     <path d=\"M24 15L6 15\" stroke=\"#212529\" stroke-width=\"2\"\/>\n                  <\/svg>\n               <\/div>\n               <div class=\"accordion-content text-p max-w-[950px] max-h-0 overflow-hidden transition-all\">\n                  <div class=\"pt-4 text-base\">\n                     <p>O Kontiki Beach Resort fica a aproximadamente 15 minutos de carro do Aeroporto Internacional de Hato. Podemos providenciar transfer\u00eancias do aeroporto mediante solicita\u00e7\u00e3o, ou poder\u00e1 facilmente apanhar um t\u00e1xi ou alugar um autom\u00f3vel. O Kontiki Beach Resort Cura\u00e7ao \u00e9 bem conhecido e f\u00e1cil de encontrar, situado na famosa \u00e1rea de Mambo Beach.<\/p>\n                  <\/div>\n               <\/div>\n               <div class=\"mt-4 h-[1px] w-full bg-black\"><\/div>\n            <\/div>\n\n         \n            <div class=\"accordion-item group mt-4\" >\n               <div class=\"accordion-title flex cursor-pointer items-center\">   \n                  <h2 class=\"relative grow overflow-hidden text-h5\">\n                     O que torna o Kontiki Beach Resort Cura\u00e7au diferente de outros resorts?                  <\/h2>\n                  <svg class=\"transition-all\" width=\"30\" height=\"30\" viewBox=\"0 0 30 30\" fill=\"none\" xmlns=\"http:\/\/www.w3.org\/2000\/svg\">\n                     <path d=\"M15 6V24\" stroke=\"#212529\" stroke-width=\"2\"\/>\n                     <path d=\"M24 15L6 15\" stroke=\"#212529\" stroke-width=\"2\"\/>\n                  <\/svg>\n               <\/div>\n               <div class=\"accordion-content text-p max-w-[950px] max-h-0 overflow-hidden transition-all\">\n                  <div class=\"pt-4 text-base\">\n                     <p>Embora tenhamos transitado de The Kontiki Beach Resort Van der Valk para simplesmente \u201cThe Kontiki\u201d, o que sempre nos distinguiu foi a nossa combina\u00e7\u00e3o \u00fanica de charme caribenho com padr\u00f5es de servi\u00e7o europeus. Anteriormente conhecido como Van der Valk Kontiki Beach Resort, o nosso resort combina a atmosfera relaxada da ilha com comodidades de luxo. Ao contr\u00e1rio de outros resorts na ilha, o The Kontiki Beach Resort Cura\u00e7ao oferece acesso direto \u00e0 praia, m\u00faltiplas op\u00e7\u00f5es de restaura\u00e7\u00e3o e uma variedade de estilos de acomoda\u00e7\u00e3o para satisfazer todas as prefer\u00eancias.<\/p>\n                  <\/div>\n               <\/div>\n               <div class=\"mt-4 h-[1px] w-full bg-black\"><\/div>\n            <\/div>\n\n         \n            <div class=\"accordion-item group mt-4\" >\n               <div class=\"accordion-title flex cursor-pointer items-center\">   \n                  <h2 class=\"relative grow overflow-hidden text-h5\">\n                     Existem alternativas ao Kontiki Beach Resort Cura\u00e7au na \u00e1rea?                  <\/h2>\n                  <svg class=\"transition-all\" width=\"30\" height=\"30\" viewBox=\"0 0 30 30\" fill=\"none\" xmlns=\"http:\/\/www.w3.org\/2000\/svg\">\n                     <path d=\"M15 6V24\" stroke=\"#212529\" stroke-width=\"2\"\/>\n                     <path d=\"M24 15L6 15\" stroke=\"#212529\" stroke-width=\"2\"\/>\n                  <\/svg>\n               <\/div>\n               <div class=\"accordion-content text-p max-w-[950px] max-h-0 overflow-hidden transition-all\">\n                  <div class=\"pt-4 text-base\">\n                     <p>Embora existam outros resorts em Cura\u00e7ao, poucos podem igualar a localiza\u00e7\u00e3o \u00fanica e as ofertas do nosso resort. Alguns h\u00f3spedes ocasionalmente procuram-nos como \u201cThe Kontiki Beach Resort Cura\u00e7ao\u201d ou \u201cKontiki Beach\u201d, mas o The Kontiki Beach Resort Cura\u00e7ao \u00e9 o destino original \u00e0 beira-mar que tem acolhido h\u00f3spedes durante muitos anos. O que nos distingue do Cura\u00e7au Valk e de outras propriedades \u00e9 a nossa combina\u00e7\u00e3o perfeita de localiza\u00e7\u00e3o, comodidades e servi\u00e7o.<\/p>\n                  <\/div>\n               <\/div>\n               <div class=\"mt-4 h-[1px] w-full bg-black\"><\/div>\n            <\/div>\n\n         \n            <div class=\"accordion-item group mt-4\" >\n               <div class=\"accordion-title flex cursor-pointer items-center\">   \n                  <h2 class=\"relative grow overflow-hidden text-h5\">\n                     Posso reservar um pacote tudo inclu\u00eddo no antigo Van der Valk The Kontiki Beach Resort?                  <\/h2>\n                  <svg class=\"transition-all\" width=\"30\" height=\"30\" viewBox=\"0 0 30 30\" fill=\"none\" xmlns=\"http:\/\/www.w3.org\/2000\/svg\">\n                     <path d=\"M15 6V24\" stroke=\"#212529\" stroke-width=\"2\"\/>\n                     <path d=\"M24 15L6 15\" stroke=\"#212529\" stroke-width=\"2\"\/>\n                  <\/svg>\n               <\/div>\n               <div class=\"accordion-content text-p max-w-[950px] max-h-0 overflow-hidden transition-all\">\n                  <div class=\"pt-4 text-base\">\n                     <p>N\u00e3o, o kontiki (anteriormente conhecido como Van der Valk Curacao Beach resort) oferece diversas op\u00e7\u00f5es para atender \u00e0s suas prefer\u00eancias. Queira contactar a nossa equipa de reservas para obter as mais recentes ofertas. <\/p>\n                  <\/div>\n               <\/div>\n               <div class=\"mt-4 h-[1px] w-full bg-black\"><\/div>\n            <\/div>\n\n               \n      <\/div>\n\n    <\/div>\n<\/section>\n","protected":false},"excerpt":{"rendered":"","protected":false},"author":1,"featured_media":7513,"parent":0,"menu_order":0,"comment_status":"closed","ping_status":"closed","template":"","meta":{"_acf_changed":false,"footnotes":""},"class_list":["post-7016","page","type-page","status-publish","has-post-thumbnail","hentry"],"acf":[],"yoast_head":"<!-- This site is optimized with the Yoast SEO plugin v27.4 - https:\/\/yoast.com\/product\/yoast-seo-wordpress\/ -->\n<title>Van der Valk Kontiki Beach Resort | Agora The Kontiki Cura\u00e7ao<\/title>\n<meta name=\"description\" content=\"Van der Valk Kontiki Beach Resort agora \u00e9 The Kontiki Cura\u00e7ao. Mesma Excel\u00eancia com Quartos de Luxo e Clubes de Praia. Reserve Diretamente!\" \/>\n<meta name=\"robots\" content=\"index, follow, max-snippet:-1, max-image-preview:large, max-video-preview:-1\" \/>\n<link rel=\"canonical\" href=\"https:\/\/thekontiki.com\/pt-pt\/\" \/>\n<meta property=\"og:locale\" content=\"pt_PT\" \/>\n<meta property=\"og:type\" content=\"article\" \/>\n<meta property=\"og:title\" content=\"Van der Valk Kontiki Beach Resort | Agora The Kontiki Cura\u00e7ao\" \/>\n<meta property=\"og:description\" content=\"Van der Valk Kontiki Beach Resort agora \u00e9 The Kontiki Cura\u00e7ao. Mesma Excel\u00eancia com Quartos de Luxo e Clubes de Praia. Reserve Diretamente!\" \/>\n<meta property=\"og:url\" content=\"https:\/\/thekontiki.com\/pt-pt\/\" \/>\n<meta property=\"og:site_name\" content=\"Kontiki\" \/>\n<meta property=\"article:modified_time\" content=\"2025-06-13T10:48:08+00:00\" \/>\n<meta property=\"og:image\" content=\"https:\/\/thekontiki.com\/wp-content\/uploads\/Kontiki-Beach-Resort-Curacao-SiteImage.jpg\" \/>\n\t<meta property=\"og:image:width\" content=\"1200\" \/>\n\t<meta property=\"og:image:height\" content=\"675\" \/>\n\t<meta property=\"og:image:type\" content=\"image\/jpeg\" \/>\n<meta name=\"twitter:card\" content=\"summary_large_image\" \/>\n<meta name=\"twitter:label1\" content=\"Est. reading time\" \/>\n\t<meta name=\"twitter:data1\" content=\"11 minutos\" \/>\n<script type=\"application\/ld+json\" class=\"yoast-schema-graph\">{\"@context\":\"https:\\\/\\\/schema.org\",\"@graph\":[{\"@type\":\"WebPage\",\"@id\":\"https:\\\/\\\/thekontiki.com\\\/pt-pt\\\/\",\"url\":\"https:\\\/\\\/thekontiki.com\\\/pt-pt\\\/\",\"name\":\"Van der Valk Kontiki Beach Resort | Agora The Kontiki Cura\u00e7ao\",\"isPartOf\":{\"@id\":\"https:\\\/\\\/thekontiki.com\\\/pt-pt\\\/#website\"},\"primaryImageOfPage\":{\"@id\":\"https:\\\/\\\/thekontiki.com\\\/pt-pt\\\/#primaryimage\"},\"image\":{\"@id\":\"https:\\\/\\\/thekontiki.com\\\/pt-pt\\\/#primaryimage\"},\"thumbnailUrl\":\"https:\\\/\\\/thekontiki.com\\\/wp-content\\\/uploads\\\/Kontiki-Beach-Resort-Curacao-SiteImage.jpg\",\"datePublished\":\"2020-06-29T11:29:29+00:00\",\"dateModified\":\"2025-06-13T10:48:08+00:00\",\"description\":\"Van der Valk Kontiki Beach Resort agora \u00e9 The Kontiki Cura\u00e7ao. Mesma Excel\u00eancia com Quartos de Luxo e Clubes de Praia. Reserve Diretamente!\",\"breadcrumb\":{\"@id\":\"https:\\\/\\\/thekontiki.com\\\/pt-pt\\\/#breadcrumb\"},\"inLanguage\":\"pt-PT\",\"potentialAction\":[{\"@type\":\"ReadAction\",\"target\":[\"https:\\\/\\\/thekontiki.com\\\/pt-pt\\\/\"]}]},{\"@type\":\"ImageObject\",\"inLanguage\":\"pt-PT\",\"@id\":\"https:\\\/\\\/thekontiki.com\\\/pt-pt\\\/#primaryimage\",\"url\":\"https:\\\/\\\/thekontiki.com\\\/wp-content\\\/uploads\\\/Kontiki-Beach-Resort-Curacao-SiteImage.jpg\",\"contentUrl\":\"https:\\\/\\\/thekontiki.com\\\/wp-content\\\/uploads\\\/Kontiki-Beach-Resort-Curacao-SiteImage.jpg\",\"width\":1200,\"height\":675},{\"@type\":\"BreadcrumbList\",\"@id\":\"https:\\\/\\\/thekontiki.com\\\/pt-pt\\\/#breadcrumb\",\"itemListElement\":[{\"@type\":\"ListItem\",\"position\":1,\"name\":\"P\u00e1gina Inicial\",\"item\":\"https:\\\/\\\/thekontiki.com\\\/pt-pt\\\/\"},{\"@type\":\"ListItem\",\"position\":2,\"name\":\"Kontiki Beach Resort Cura\u00e7ao\"}]},{\"@type\":\"WebSite\",\"@id\":\"https:\\\/\\\/thekontiki.com\\\/pt-pt\\\/#website\",\"url\":\"https:\\\/\\\/thekontiki.com\\\/pt-pt\\\/\",\"name\":\"Kontiki Beach Resort Curacao\",\"description\":\"Kontiki Beach Resort Cura\u00e7ao\",\"alternateName\":\"van der Valk Curacao\",\"potentialAction\":[{\"@type\":\"SearchAction\",\"target\":{\"@type\":\"EntryPoint\",\"urlTemplate\":\"https:\\\/\\\/thekontiki.com\\\/pt-pt\\\/?s={search_term_string}\"},\"query-input\":{\"@type\":\"PropertyValueSpecification\",\"valueRequired\":true,\"valueName\":\"search_term_string\"}}],\"inLanguage\":\"pt-PT\"}]}<\/script>\n<!-- \/ Yoast SEO plugin. -->","yoast_head_json":{"title":"Van der Valk Kontiki Beach Resort | Agora The Kontiki Cura\u00e7ao","description":"Van der Valk Kontiki Beach Resort agora \u00e9 The Kontiki Cura\u00e7ao. Mesma Excel\u00eancia com Quartos de Luxo e Clubes de Praia. Reserve Diretamente!","robots":{"index":"index","follow":"follow","max-snippet":"max-snippet:-1","max-image-preview":"max-image-preview:large","max-video-preview":"max-video-preview:-1"},"canonical":"https:\/\/thekontiki.com\/pt-pt\/","og_locale":"pt_PT","og_type":"article","og_title":"Van der Valk Kontiki Beach Resort | Agora The Kontiki Cura\u00e7ao","og_description":"Van der Valk Kontiki Beach Resort agora \u00e9 The Kontiki Cura\u00e7ao. Mesma Excel\u00eancia com Quartos de Luxo e Clubes de Praia. Reserve Diretamente!","og_url":"https:\/\/thekontiki.com\/pt-pt\/","og_site_name":"Kontiki","article_modified_time":"2025-06-13T10:48:08+00:00","og_image":[{"width":1200,"height":675,"url":"https:\/\/thekontiki.com\/wp-content\/uploads\/Kontiki-Beach-Resort-Curacao-SiteImage.jpg","type":"image\/jpeg"}],"twitter_card":"summary_large_image","twitter_misc":{"Est. reading time":"11 minutos"},"schema":{"@context":"https:\/\/schema.org","@graph":[{"@type":"WebPage","@id":"https:\/\/thekontiki.com\/pt-pt\/","url":"https:\/\/thekontiki.com\/pt-pt\/","name":"Van der Valk Kontiki Beach Resort | Agora The Kontiki Cura\u00e7ao","isPartOf":{"@id":"https:\/\/thekontiki.com\/pt-pt\/#website"},"primaryImageOfPage":{"@id":"https:\/\/thekontiki.com\/pt-pt\/#primaryimage"},"image":{"@id":"https:\/\/thekontiki.com\/pt-pt\/#primaryimage"},"thumbnailUrl":"https:\/\/thekontiki.com\/wp-content\/uploads\/Kontiki-Beach-Resort-Curacao-SiteImage.jpg","datePublished":"2020-06-29T11:29:29+00:00","dateModified":"2025-06-13T10:48:08+00:00","description":"Van der Valk Kontiki Beach Resort agora \u00e9 The Kontiki Cura\u00e7ao. Mesma Excel\u00eancia com Quartos de Luxo e Clubes de Praia. Reserve Diretamente!","breadcrumb":{"@id":"https:\/\/thekontiki.com\/pt-pt\/#breadcrumb"},"inLanguage":"pt-PT","potentialAction":[{"@type":"ReadAction","target":["https:\/\/thekontiki.com\/pt-pt\/"]}]},{"@type":"ImageObject","inLanguage":"pt-PT","@id":"https:\/\/thekontiki.com\/pt-pt\/#primaryimage","url":"https:\/\/thekontiki.com\/wp-content\/uploads\/Kontiki-Beach-Resort-Curacao-SiteImage.jpg","contentUrl":"https:\/\/thekontiki.com\/wp-content\/uploads\/Kontiki-Beach-Resort-Curacao-SiteImage.jpg","width":1200,"height":675},{"@type":"BreadcrumbList","@id":"https:\/\/thekontiki.com\/pt-pt\/#breadcrumb","itemListElement":[{"@type":"ListItem","position":1,"name":"P\u00e1gina Inicial","item":"https:\/\/thekontiki.com\/pt-pt\/"},{"@type":"ListItem","position":2,"name":"Kontiki Beach Resort Cura\u00e7ao"}]},{"@type":"WebSite","@id":"https:\/\/thekontiki.com\/pt-pt\/#website","url":"https:\/\/thekontiki.com\/pt-pt\/","name":"Kontiki Beach Resort Curacao","description":"Kontiki Beach Resort Cura\u00e7ao","alternateName":"van der Valk Curacao","potentialAction":[{"@type":"SearchAction","target":{"@type":"EntryPoint","urlTemplate":"https:\/\/thekontiki.com\/pt-pt\/?s={search_term_string}"},"query-input":{"@type":"PropertyValueSpecification","valueRequired":true,"valueName":"search_term_string"}}],"inLanguage":"pt-PT"}]}},"_links":{"self":[{"href":"https:\/\/thekontiki.com\/pt-pt\/wp-json\/wp\/v2\/pages\/7016","targetHints":{"allow":["GET"]}}],"collection":[{"href":"https:\/\/thekontiki.com\/pt-pt\/wp-json\/wp\/v2\/pages"}],"about":[{"href":"https:\/\/thekontiki.com\/pt-pt\/wp-json\/wp\/v2\/types\/page"}],"author":[{"embeddable":true,"href":"https:\/\/thekontiki.com\/pt-pt\/wp-json\/wp\/v2\/users\/1"}],"replies":[{"embeddable":true,"href":"https:\/\/thekontiki.com\/pt-pt\/wp-json\/wp\/v2\/comments?post=7016"}],"version-history":[{"count":0,"href":"https:\/\/thekontiki.com\/pt-pt\/wp-json\/wp\/v2\/pages\/7016\/revisions"}],"wp:featuredmedia":[{"embeddable":true,"href":"https:\/\/thekontiki.com\/pt-pt\/wp-json\/wp\/v2\/media\/7513"}],"wp:attachment":[{"href":"https:\/\/thekontiki.com\/pt-pt\/wp-json\/wp\/v2\/media?parent=7016"}],"curies":[{"name":"wp","href":"https:\/\/api.w.org\/{rel}","templated":true}]}}