{"id":7000,"date":"2020-06-29T11:29:29","date_gmt":"2020-06-29T11:29:29","guid":{"rendered":"https:\/\/the-kontiki.com\/pagina-de-inicio-kontiki-beach-resort-curacao\/"},"modified":"2025-06-02T12:10:50","modified_gmt":"2025-06-02T12:10:50","slug":"pagina-de-inicio-kontiki-beach-resort-curacao","status":"publish","type":"page","link":"https:\/\/thekontiki.com\/es\/","title":{"rendered":"Kontiki Beach Resort Cura\u00e7ao"},"content":{"rendered":"\n<section class=\"cover w-full h-svh relative overflow-hidden\">\n   <div class=\"absolute inset-0 flex items-end z-20\">\n      <div class=\"container mb-10\">\n         <img decoding=\"async\" class=\"\" src=\"https:\/\/thekontiki.com\/wp-content\/themes\/kontiki\/assets\/img\/logo_extended.svg\" alt=\"\">\n      <\/div>\n   <\/div>\n   <div class=\"overlay absolute inset-0 z-10 bg-black\/15\"><\/div>\n   <video class=\"absolute inset-0 -z-10 object-cover w-full h-full\" src=\"\" autoplay muted loop playsinline><\/video>\n<\/section>\n\n<section>\n<h1 class=\"text-center mt-8\">El complejo tur\u00edstico Kontiki Beach<\/h1><\/section>\n\n\n<section class=\"text-images  relative \n         my-20 lg:my-30\n      \"\n      >\n   <div class=\"lg:container lg:grid lg:grid-cols-12 lg:gap-4\">\n               <div class=\"lg:col-span-10 lg:col-start-2 text-center mb-20 lg:mb-30 mx-6 lg:mx-0\">\n            <h2 class=\"text-base lg:text-h3 \">Si\u00e9ntase como en casa en el entorno m\u00e1s inspirador de Cura\u00e7ao, elegido por su impresionante belleza y rico car\u00e1cter cultural.<\/h2>\n         <\/div>\n            <div class=\"lg:col-span-8 mb-16 lg:mb-0  lg:col-start-5 lg:order-2 \">\n         \n\n            \n            <div class=\"swiper-images overflow-hidden px-6 lg:px-0\" >\n               <div class=\"swiper-wrapper lg:!grid lg:grid-cols-2 lg:gap-4\">\n\n                     \n                                                                                                                        <div class=\"lg:col-span-2 lg:aspect-[922\/970] aspect-[328\/224] swiper-slide\">\n                                                         <img loading=\"lazy\" decoding=\"async\" width=\"720\" height=\"1080\" src=\"https:\/\/thekontiki.com\/wp-content\/uploads\/Van-der-Valk-Kontiki-Beach-Resort-Curacao-720x1080.webp\" class=\"w-full h-full object-cover\" alt=\"Van der Valk Kontiki Beach Resort Cura\u00e7ao\" srcset=\"https:\/\/thekontiki.com\/wp-content\/uploads\/Van-der-Valk-Kontiki-Beach-Resort-Curacao-720x1080.webp 720w, https:\/\/thekontiki.com\/wp-content\/uploads\/Van-der-Valk-Kontiki-Beach-Resort-Curacao-480x720.webp 480w, https:\/\/thekontiki.com\/wp-content\/uploads\/Van-der-Valk-Kontiki-Beach-Resort-Curacao-768x1151.webp 768w, https:\/\/thekontiki.com\/wp-content\/uploads\/Van-der-Valk-Kontiki-Beach-Resort-Curacao-1025x1536.webp 1025w, https:\/\/thekontiki.com\/wp-content\/uploads\/Van-der-Valk-Kontiki-Beach-Resort-Curacao.webp 1080w\" sizes=\"auto, (max-width: 720px) 100vw, 720px\" \/>                                                   <\/div>\n                                                                                                                        <div class=\"lg:aspect-[450\/640] aspect-[328\/224] swiper-slide\">\n                                                         <img loading=\"lazy\" decoding=\"async\" width=\"1619\" height=\"1080\" src=\"https:\/\/thekontiki.com\/wp-content\/uploads\/The-Kontiki-van-der-Valk-1619x1080.webp\" class=\"w-full h-full object-cover\" alt=\"The Kontiki van der Valk\" srcset=\"https:\/\/thekontiki.com\/wp-content\/uploads\/The-Kontiki-van-der-Valk-1619x1080.webp 1619w, https:\/\/thekontiki.com\/wp-content\/uploads\/The-Kontiki-van-der-Valk-1079x720.webp 1079w, https:\/\/thekontiki.com\/wp-content\/uploads\/The-Kontiki-van-der-Valk-768x512.webp 768w, https:\/\/thekontiki.com\/wp-content\/uploads\/The-Kontiki-van-der-Valk-1536x1025.webp 1536w, https:\/\/thekontiki.com\/wp-content\/uploads\/The-Kontiki-van-der-Valk.webp 1920w\" sizes=\"auto, (max-width: 1619px) 100vw, 1619px\" \/>                                                   <\/div>\n                                                                                                                        <div class=\"lg:aspect-[450\/640] aspect-[328\/224] swiper-slide\">\n                                                         <img loading=\"lazy\" decoding=\"async\" width=\"1619\" height=\"1080\" src=\"https:\/\/thekontiki.com\/wp-content\/uploads\/van-der-Valk-Curacao-1619x1080.webp\" class=\"w-full h-full object-cover\" alt=\"van der Valk Curacao\" srcset=\"https:\/\/thekontiki.com\/wp-content\/uploads\/van-der-Valk-Curacao-1619x1080.webp 1619w, https:\/\/thekontiki.com\/wp-content\/uploads\/van-der-Valk-Curacao-1079x720.webp 1079w, https:\/\/thekontiki.com\/wp-content\/uploads\/van-der-Valk-Curacao-768x512.webp 768w, https:\/\/thekontiki.com\/wp-content\/uploads\/van-der-Valk-Curacao-1536x1025.webp 1536w, https:\/\/thekontiki.com\/wp-content\/uploads\/van-der-Valk-Curacao.webp 1920w\" sizes=\"auto, (max-width: 1619px) 100vw, 1619px\" \/>                                                   <\/div>\n                                                                                                                        <div class=\"lg:aspect-[450\/640] aspect-[328\/224] swiper-slide\">\n                                                         <img loading=\"lazy\" decoding=\"async\" width=\"1620\" height=\"1080\" src=\"https:\/\/thekontiki.com\/wp-content\/uploads\/Hotel-van-der-Valk-Kontiki-Beach-Resort-1620x1080.webp\" class=\"w-full h-full object-cover\" alt=\"Hotel van der Valk Kontiki Beach Resort\" srcset=\"https:\/\/thekontiki.com\/wp-content\/uploads\/Hotel-van-der-Valk-Kontiki-Beach-Resort-1620x1080.webp 1620w, https:\/\/thekontiki.com\/wp-content\/uploads\/Hotel-van-der-Valk-Kontiki-Beach-Resort-1080x720.webp 1080w, https:\/\/thekontiki.com\/wp-content\/uploads\/Hotel-van-der-Valk-Kontiki-Beach-Resort-768x512.webp 768w, https:\/\/thekontiki.com\/wp-content\/uploads\/Hotel-van-der-Valk-Kontiki-Beach-Resort-1536x1024.webp 1536w, https:\/\/thekontiki.com\/wp-content\/uploads\/Hotel-van-der-Valk-Kontiki-Beach-Resort.webp 1920w\" sizes=\"auto, (max-width: 1620px) 100vw, 1620px\" \/>                                                   <\/div>\n                                                                                                                        <div class=\"lg:aspect-[450\/640] aspect-[328\/224] swiper-slide\">\n                                                         <img loading=\"lazy\" decoding=\"async\" width=\"1620\" height=\"1080\" src=\"https:\/\/thekontiki.com\/wp-content\/uploads\/vd-Valk-Curacao-all-inclusive-1620x1080.webp\" class=\"w-full h-full object-cover\" alt=\"vd Valk Curacao all inclusive\" srcset=\"https:\/\/thekontiki.com\/wp-content\/uploads\/vd-Valk-Curacao-all-inclusive-1620x1080.webp 1620w, https:\/\/thekontiki.com\/wp-content\/uploads\/vd-Valk-Curacao-all-inclusive-1080x720.webp 1080w, https:\/\/thekontiki.com\/wp-content\/uploads\/vd-Valk-Curacao-all-inclusive-768x512.webp 768w, https:\/\/thekontiki.com\/wp-content\/uploads\/vd-Valk-Curacao-all-inclusive-1536x1024.webp 1536w, https:\/\/thekontiki.com\/wp-content\/uploads\/vd-Valk-Curacao-all-inclusive.webp 1920w\" sizes=\"auto, (max-width: 1620px) 100vw, 1620px\" \/>                                                   <\/div>\n                                                                                                                        <div class=\"lg:aspect-[450\/640] aspect-[328\/224] swiper-slide\">\n                                                         <img loading=\"lazy\" decoding=\"async\" width=\"720\" height=\"1080\" src=\"https:\/\/thekontiki.com\/wp-content\/uploads\/Kontiki-Beach-Resort-Luxe-720x1080.webp\" class=\"w-full h-full object-cover\" alt=\"Kontiki Beach Resort Luxe\" srcset=\"https:\/\/thekontiki.com\/wp-content\/uploads\/Kontiki-Beach-Resort-Luxe-720x1080.webp 720w, https:\/\/thekontiki.com\/wp-content\/uploads\/Kontiki-Beach-Resort-Luxe-480x720.webp 480w, https:\/\/thekontiki.com\/wp-content\/uploads\/Kontiki-Beach-Resort-Luxe-768x1152.webp 768w, https:\/\/thekontiki.com\/wp-content\/uploads\/Kontiki-Beach-Resort-Luxe-1024x1536.webp 1024w, https:\/\/thekontiki.com\/wp-content\/uploads\/Kontiki-Beach-Resort-Luxe.webp 1280w\" sizes=\"auto, (max-width: 720px) 100vw, 720px\" \/>                                                   <\/div>\n                                                                                                                        <div class=\"lg:aspect-[450\/640] aspect-[328\/224] swiper-slide\">\n                                                         <img loading=\"lazy\" decoding=\"async\" width=\"720\" height=\"1080\" src=\"https:\/\/thekontiki.com\/wp-content\/uploads\/Curacao-van-der-Valk-720x1080.webp\" class=\"w-full h-full object-cover\" alt=\"Curacao van der Valk\" srcset=\"https:\/\/thekontiki.com\/wp-content\/uploads\/Curacao-van-der-Valk-720x1080.webp 720w, https:\/\/thekontiki.com\/wp-content\/uploads\/Curacao-van-der-Valk-480x720.webp 480w, https:\/\/thekontiki.com\/wp-content\/uploads\/Curacao-van-der-Valk-768x1152.webp 768w, https:\/\/thekontiki.com\/wp-content\/uploads\/Curacao-van-der-Valk-1024x1536.webp 1024w, https:\/\/thekontiki.com\/wp-content\/uploads\/Curacao-van-der-Valk.webp 1080w\" sizes=\"auto, (max-width: 720px) 100vw, 720px\" \/>                                                   <\/div>\n                     \n               <\/div>\n            <\/div>\n\n            \n               <\/div>\n      <div class=\"lg:col-span-3 mx-6 lg:mx-0  lg:order-1 \">\n         <div class=\"sticky top-40 grid gap-8\">\n                           <h2 class=\"text-h6 lg:text-h4 font-bold\">Habitaciones y suites<\/h2>\n                                       <div class=\"prose\"><p class=\"p1\">Disfrute de la vida isle\u00f1a en nuestros alojamientos y suites de lujo. Una acogedora estancia caribe\u00f1a en nuestras habitaciones superiores tropicales o rel\u00e1jese completamente en nuestras suites de lujo. Nuestro hotel est\u00e1 dedicado a la relajaci\u00f3n, reduciendo su ritmo al comp\u00e1s tranquilo de Cura\u00e7ao. Un confort suntuoso combinado con un ambiente excepcional.   <\/p>\n<\/div>\n                            <div class=\"flex flex-wrap  gap-6 justify-left\">\n        \n        \n            \n<a href=\"https:\/\/thekontiki.com\/es\/lodges-suites\/\" class=\" hollow button relative group flex p-0 overflow-hidden hover:scale-[98%] transition-transform duration-500\" target=\"\">\n    <span class=\"px-6 py-3 w-full h-full flex-center block relative group-hover:-translate-y-full transition-transform duration-500 rotate-0 group-hover:-rotate-5\">M\u00e1s informaci\u00f3n<\/span>\n    <span class=\"px-6 py-3 absolute inset-0 w-full h-full flex-center top-full group-hover:-translate-y-full transition-transform duration-500 rotate-5 group-hover:rotate-0\">M\u00e1s informaci\u00f3n<\/span>\n<\/a>\n            <\/div>\n\n         <\/div>\n      <\/div>\n   <\/div>\n<\/section>\n\n\n\n<section class=\"video relative\">\n         <div class=\"absolute inset-10 flex-center z-20\">\n         <h2 class=\"text-h4 text-center lg:text-h2 text-white\">Relaje los hombros, descanse y si\u00e9ntase bien. <\/h2>\n      <\/div>\n      <div class=\"overlay absolute inset-0 z-10 bg-black\/15\"><\/div>\n   \t\n\t\t   \t\n<\/section>\n\n\n<section class=\"text-images  relative \n   bg-green-light      py-20 lg:py-30       \"\n      >\n   <div class=\"lg:container lg:grid lg:grid-cols-12 lg:gap-4\">\n            <div class=\"lg:col-span-8 mb-16 lg:mb-0 \">\n         \n\n            \n            <div class=\"swiper-images overflow-hidden px-6 lg:px-0\" >\n               <div class=\"swiper-wrapper lg:!grid lg:grid-cols-2 lg:gap-4\">\n\n                     \n                                                                                                                        <div class=\"lg:col-span-2 lg:aspect-[922\/970] aspect-[328\/224] swiper-slide\">\n                                                         <img loading=\"lazy\" decoding=\"async\" width=\"1620\" height=\"1080\" src=\"https:\/\/thekontiki.com\/wp-content\/uploads\/2025\/05\/Kontiki-LaurevanHijfte-0061-1620x1080.webp\" class=\"w-full h-full object-cover\" alt=\"\" srcset=\"https:\/\/thekontiki.com\/wp-content\/uploads\/2025\/05\/Kontiki-LaurevanHijfte-0061-1620x1080.webp 1620w, https:\/\/thekontiki.com\/wp-content\/uploads\/2025\/05\/Kontiki-LaurevanHijfte-0061-1080x720.webp 1080w, https:\/\/thekontiki.com\/wp-content\/uploads\/2025\/05\/Kontiki-LaurevanHijfte-0061-768x512.webp 768w, https:\/\/thekontiki.com\/wp-content\/uploads\/2025\/05\/Kontiki-LaurevanHijfte-0061-1536x1024.webp 1536w, https:\/\/thekontiki.com\/wp-content\/uploads\/2025\/05\/Kontiki-LaurevanHijfte-0061.webp 1920w\" sizes=\"auto, (max-width: 1620px) 100vw, 1620px\" \/>                                                   <\/div>\n                                                                                                                        <div class=\"lg:aspect-[450\/640] aspect-[328\/224] swiper-slide\">\n                                                         <img loading=\"lazy\" decoding=\"async\" width=\"1620\" height=\"1080\" src=\"https:\/\/thekontiki.com\/wp-content\/uploads\/2025\/05\/Kontiki-LaurevanHijfte-0048-1620x1080.webp\" class=\"w-full h-full object-cover\" alt=\"\" srcset=\"https:\/\/thekontiki.com\/wp-content\/uploads\/2025\/05\/Kontiki-LaurevanHijfte-0048-1620x1080.webp 1620w, https:\/\/thekontiki.com\/wp-content\/uploads\/2025\/05\/Kontiki-LaurevanHijfte-0048-1080x720.webp 1080w, https:\/\/thekontiki.com\/wp-content\/uploads\/2025\/05\/Kontiki-LaurevanHijfte-0048-768x512.webp 768w, https:\/\/thekontiki.com\/wp-content\/uploads\/2025\/05\/Kontiki-LaurevanHijfte-0048-1536x1024.webp 1536w, https:\/\/thekontiki.com\/wp-content\/uploads\/2025\/05\/Kontiki-LaurevanHijfte-0048.webp 1920w\" sizes=\"auto, (max-width: 1620px) 100vw, 1620px\" \/>                                                   <\/div>\n                                                                                                                        <div class=\"lg:aspect-[450\/640] aspect-[328\/224] swiper-slide\">\n                                                         <img loading=\"lazy\" decoding=\"async\" width=\"720\" height=\"1080\" src=\"https:\/\/thekontiki.com\/wp-content\/uploads\/2025\/05\/Kontiki-LaurevanHijfte-0018-720x1080.webp\" class=\"w-full h-full object-cover\" alt=\"\" srcset=\"https:\/\/thekontiki.com\/wp-content\/uploads\/2025\/05\/Kontiki-LaurevanHijfte-0018-720x1080.webp 720w, https:\/\/thekontiki.com\/wp-content\/uploads\/2025\/05\/Kontiki-LaurevanHijfte-0018-480x720.webp 480w, https:\/\/thekontiki.com\/wp-content\/uploads\/2025\/05\/Kontiki-LaurevanHijfte-0018-768x1152.webp 768w, https:\/\/thekontiki.com\/wp-content\/uploads\/2025\/05\/Kontiki-LaurevanHijfte-0018-1024x1536.webp 1024w, https:\/\/thekontiki.com\/wp-content\/uploads\/2025\/05\/Kontiki-LaurevanHijfte-0018.webp 1080w\" sizes=\"auto, (max-width: 720px) 100vw, 720px\" \/>                                                   <\/div>\n                     \n               <\/div>\n            <\/div>\n\n            \n               <\/div>\n      <div class=\"lg:col-span-3 mx-6 lg:mx-0  lg:col-start-10 \">\n         <div class=\"sticky top-40 grid gap-8\">\n                           <h2 class=\"text-h6 lg:text-h4 font-bold\">Clubes de playa<\/h2>\n                                       <div class=\"prose\"><p>Si se aloja en The Kontiki, no puede perderse nuestros clubes de playa. Cada club tiene su propia atm\u00f3sfera distintiva. Ya sea que desee disfrutar de bebidas, aperitivos y m\u00fasica en vivo, tener una gran experiencia culinaria o celebrar la puesta del sol con deliciosos c\u00f3cteles&#8230; d\u00e9jese llevar y disfrute de la vida isle\u00f1a.  <\/p>\n<\/div>\n                            <div class=\"flex flex-wrap  gap-6 justify-left\">\n        \n        \n            \n<a href=\"https:\/\/thekontiki.com\/es\/beach-clubs\/\" class=\" hollow button relative group flex p-0 overflow-hidden hover:scale-[98%] transition-transform duration-500\" target=\"\">\n    <span class=\"px-6 py-3 w-full h-full flex-center block relative group-hover:-translate-y-full transition-transform duration-500 rotate-0 group-hover:-rotate-5\">Ll\u00e9veme all\u00ed<\/span>\n    <span class=\"px-6 py-3 absolute inset-0 w-full h-full flex-center top-full group-hover:-translate-y-full transition-transform duration-500 rotate-5 group-hover:rotate-0\">Ll\u00e9veme all\u00ed<\/span>\n<\/a>\n            <\/div>\n\n         <\/div>\n      <\/div>\n   <\/div>\n<\/section>\n\n\n\n<section class=\"video relative\">\n         <div class=\"absolute inset-10 flex-center z-20\">\n         <h2 class=\"text-h4 text-center lg:text-h2 text-white\">Una estancia f\u00e1cil y vibrante, definida por la excelencia.<\/h2>\n      <\/div>\n      <div class=\"overlay absolute inset-0 z-10 bg-black\/15\"><\/div>\n   \t\n\t\t   \t\n<\/section>\n\n\n<section class=\"text-images  relative \n         my-20 lg:my-30\n      \"\n      >\n   <div class=\"lg:container lg:grid lg:grid-cols-12 lg:gap-4\">\n            <div class=\"lg:col-span-8 mb-16 lg:mb-0  lg:col-start-5 lg:order-2 \">\n         \n\n            \n            <div class=\"swiper-images overflow-hidden px-6 lg:px-0\" >\n               <div class=\"swiper-wrapper lg:!grid lg:grid-cols-2 lg:gap-4\">\n\n                     \n                                                                                                                        <div class=\"lg:col-span-2 lg:aspect-[922\/970] aspect-[328\/224] swiper-slide\">\n                                                         <img loading=\"lazy\" decoding=\"async\" width=\"1620\" height=\"1080\" src=\"https:\/\/thekontiki.com\/wp-content\/uploads\/2025\/05\/Kontiki-LaurevanHijfte-0099-1620x1080.webp\" class=\"w-full h-full object-cover\" alt=\"\" srcset=\"https:\/\/thekontiki.com\/wp-content\/uploads\/2025\/05\/Kontiki-LaurevanHijfte-0099-1620x1080.webp 1620w, https:\/\/thekontiki.com\/wp-content\/uploads\/2025\/05\/Kontiki-LaurevanHijfte-0099-1080x720.webp 1080w, https:\/\/thekontiki.com\/wp-content\/uploads\/2025\/05\/Kontiki-LaurevanHijfte-0099-768x512.webp 768w, https:\/\/thekontiki.com\/wp-content\/uploads\/2025\/05\/Kontiki-LaurevanHijfte-0099-1536x1024.webp 1536w, https:\/\/thekontiki.com\/wp-content\/uploads\/2025\/05\/Kontiki-LaurevanHijfte-0099.webp 1920w\" sizes=\"auto, (max-width: 1620px) 100vw, 1620px\" \/>                                                   <\/div>\n                                                                                                                        <div class=\"lg:aspect-[450\/640] aspect-[328\/224] swiper-slide\">\n                                                         <img loading=\"lazy\" decoding=\"async\" width=\"720\" height=\"1080\" src=\"https:\/\/thekontiki.com\/wp-content\/uploads\/2025\/05\/Kontiki-LaurevanHijfte-0006-720x1080.webp\" class=\"w-full h-full object-cover\" alt=\"\" srcset=\"https:\/\/thekontiki.com\/wp-content\/uploads\/2025\/05\/Kontiki-LaurevanHijfte-0006-720x1080.webp 720w, https:\/\/thekontiki.com\/wp-content\/uploads\/2025\/05\/Kontiki-LaurevanHijfte-0006-480x720.webp 480w, https:\/\/thekontiki.com\/wp-content\/uploads\/2025\/05\/Kontiki-LaurevanHijfte-0006-768x1152.webp 768w, https:\/\/thekontiki.com\/wp-content\/uploads\/2025\/05\/Kontiki-LaurevanHijfte-0006-1024x1536.webp 1024w, https:\/\/thekontiki.com\/wp-content\/uploads\/2025\/05\/Kontiki-LaurevanHijfte-0006.webp 1080w\" sizes=\"auto, (max-width: 720px) 100vw, 720px\" \/>                                                   <\/div>\n                                                                                                                        <div class=\"lg:aspect-[450\/640] aspect-[328\/224] swiper-slide\">\n                                                         <img loading=\"lazy\" decoding=\"async\" width=\"1620\" height=\"1080\" src=\"https:\/\/thekontiki.com\/wp-content\/uploads\/2025\/05\/Kontiki-LaurevanHijfte-0100-1620x1080.webp\" class=\"w-full h-full object-cover\" alt=\"\" srcset=\"https:\/\/thekontiki.com\/wp-content\/uploads\/2025\/05\/Kontiki-LaurevanHijfte-0100-1620x1080.webp 1620w, https:\/\/thekontiki.com\/wp-content\/uploads\/2025\/05\/Kontiki-LaurevanHijfte-0100-1080x720.webp 1080w, https:\/\/thekontiki.com\/wp-content\/uploads\/2025\/05\/Kontiki-LaurevanHijfte-0100-768x512.webp 768w, https:\/\/thekontiki.com\/wp-content\/uploads\/2025\/05\/Kontiki-LaurevanHijfte-0100-1536x1024.webp 1536w, https:\/\/thekontiki.com\/wp-content\/uploads\/2025\/05\/Kontiki-LaurevanHijfte-0100.webp 1920w\" sizes=\"auto, (max-width: 1620px) 100vw, 1620px\" \/>                                                   <\/div>\n                     \n               <\/div>\n            <\/div>\n\n            \n               <\/div>\n      <div class=\"lg:col-span-3 mx-6 lg:mx-0  lg:order-1 \">\n         <div class=\"sticky top-40 grid gap-8\">\n                           <h2 class=\"text-h6 lg:text-h4 font-bold\">Bienestar<\/h2>\n                                       <div class=\"prose\"><p>La forma en que transcurre la vida en las islas es como siempre ha sido. Agradablemente lenta. Combinamos la vida tradicional de la isla con una sensaci\u00f3n contempor\u00e1nea de bienestar. Aqu\u00ed es donde deja las prisas en la puerta, relaja los hombros y nos permite encargarnos de la excelencia f\u00e1cil y vibrante por la que somos conocidos.   <\/p>\n<\/div>\n                            <div class=\"flex flex-wrap  gap-6 justify-left\">\n        \n        \n            \n<a href=\"https:\/\/thekontiki.com\/es\/wellbeing\/\" class=\" hollow button relative group flex p-0 overflow-hidden hover:scale-[98%] transition-transform duration-500\" target=\"\">\n    <span class=\"px-6 py-3 w-full h-full flex-center block relative group-hover:-translate-y-full transition-transform duration-500 rotate-0 group-hover:-rotate-5\">M\u00e1s informaci\u00f3n<\/span>\n    <span class=\"px-6 py-3 absolute inset-0 w-full h-full flex-center top-full group-hover:-translate-y-full transition-transform duration-500 rotate-5 group-hover:rotate-0\">M\u00e1s informaci\u00f3n<\/span>\n<\/a>\n            <\/div>\n\n         <\/div>\n      <\/div>\n   <\/div>\n<\/section>\n\n\n\n\n<section class=\"text-images  relative \n   bg-turquoise      py-20 lg:py-30 text-white      \"\n   style=\"background: url(https:\/\/thekontiki.com\/wp-content\/themes\/kontiki\/assets\/img\/bg_texture.jpg) no-repeat center center \/ cover;\"   >\n   <div class=\"lg:container lg:grid lg:grid-cols-12 lg:gap-4\">\n            <div class=\"lg:col-span-8 mb-16 lg:mb-0  lg:col-start-5 lg:order-2 \">\n         \n\n            \n            <div class=\"swiper-images overflow-hidden px-6 lg:px-0\" >\n               <div class=\"swiper-wrapper lg:!grid lg:grid-cols-2 lg:gap-4\">\n\n                     \n                                                                                                                        <div class=\"lg:col-span-2 lg:aspect-[922\/970] aspect-[328\/224] swiper-slide\">\n                                                         <img loading=\"lazy\" decoding=\"async\" width=\"720\" height=\"1080\" src=\"https:\/\/thekontiki.com\/wp-content\/uploads\/2025\/05\/Kontiki-LaurevanHijfte-0067-720x1080.webp\" class=\"w-full h-full object-cover\" alt=\"\" srcset=\"https:\/\/thekontiki.com\/wp-content\/uploads\/2025\/05\/Kontiki-LaurevanHijfte-0067-720x1080.webp 720w, https:\/\/thekontiki.com\/wp-content\/uploads\/2025\/05\/Kontiki-LaurevanHijfte-0067-480x720.webp 480w, https:\/\/thekontiki.com\/wp-content\/uploads\/2025\/05\/Kontiki-LaurevanHijfte-0067-768x1152.webp 768w, https:\/\/thekontiki.com\/wp-content\/uploads\/2025\/05\/Kontiki-LaurevanHijfte-0067-1024x1536.webp 1024w, https:\/\/thekontiki.com\/wp-content\/uploads\/2025\/05\/Kontiki-LaurevanHijfte-0067.webp 1080w\" sizes=\"auto, (max-width: 720px) 100vw, 720px\" \/>                                                   <\/div>\n                                                                                                                        <div class=\"lg:aspect-[450\/640] aspect-[328\/224] swiper-slide\">\n                                                         <img loading=\"lazy\" decoding=\"async\" width=\"1620\" height=\"1080\" src=\"https:\/\/thekontiki.com\/wp-content\/uploads\/2025\/05\/Kontiki-LaurevanHijfte-0126-1620x1080.jpg\" class=\"w-full h-full object-cover\" alt=\"\" srcset=\"https:\/\/thekontiki.com\/wp-content\/uploads\/2025\/05\/Kontiki-LaurevanHijfte-0126-1620x1080.jpg 1620w, https:\/\/thekontiki.com\/wp-content\/uploads\/2025\/05\/Kontiki-LaurevanHijfte-0126-1080x720.jpg 1080w, https:\/\/thekontiki.com\/wp-content\/uploads\/2025\/05\/Kontiki-LaurevanHijfte-0126-768x512.jpg 768w, https:\/\/thekontiki.com\/wp-content\/uploads\/2025\/05\/Kontiki-LaurevanHijfte-0126-1536x1024.jpg 1536w, https:\/\/thekontiki.com\/wp-content\/uploads\/2025\/05\/Kontiki-LaurevanHijfte-0126.jpg 1920w\" sizes=\"auto, (max-width: 1620px) 100vw, 1620px\" \/>                                                   <\/div>\n                                                                                                                        <div class=\"lg:aspect-[450\/640] aspect-[328\/224] swiper-slide\">\n                                                         <img loading=\"lazy\" decoding=\"async\" width=\"1620\" height=\"1080\" src=\"https:\/\/thekontiki.com\/wp-content\/uploads\/2025\/05\/Kontiki-LaurevanHijfte-0054-1620x1080.webp\" class=\"w-full h-full object-cover\" alt=\"\" srcset=\"https:\/\/thekontiki.com\/wp-content\/uploads\/2025\/05\/Kontiki-LaurevanHijfte-0054-1620x1080.webp 1620w, https:\/\/thekontiki.com\/wp-content\/uploads\/2025\/05\/Kontiki-LaurevanHijfte-0054-1080x720.webp 1080w, https:\/\/thekontiki.com\/wp-content\/uploads\/2025\/05\/Kontiki-LaurevanHijfte-0054-768x512.webp 768w, https:\/\/thekontiki.com\/wp-content\/uploads\/2025\/05\/Kontiki-LaurevanHijfte-0054-1536x1024.webp 1536w, https:\/\/thekontiki.com\/wp-content\/uploads\/2025\/05\/Kontiki-LaurevanHijfte-0054.webp 1920w\" sizes=\"auto, (max-width: 1620px) 100vw, 1620px\" \/>                                                   <\/div>\n                                                                                                                        <div class=\"lg:aspect-[450\/640] aspect-[328\/224] swiper-slide\">\n                                                         <img loading=\"lazy\" decoding=\"async\" width=\"720\" height=\"1080\" src=\"https:\/\/thekontiki.com\/wp-content\/uploads\/2025\/05\/Kontiki-LaurevanHijfte-0071-720x1080.webp\" class=\"w-full h-full object-cover\" alt=\"\" srcset=\"https:\/\/thekontiki.com\/wp-content\/uploads\/2025\/05\/Kontiki-LaurevanHijfte-0071-720x1080.webp 720w, https:\/\/thekontiki.com\/wp-content\/uploads\/2025\/05\/Kontiki-LaurevanHijfte-0071-480x720.webp 480w, https:\/\/thekontiki.com\/wp-content\/uploads\/2025\/05\/Kontiki-LaurevanHijfte-0071-768x1152.webp 768w, https:\/\/thekontiki.com\/wp-content\/uploads\/2025\/05\/Kontiki-LaurevanHijfte-0071-1024x1536.webp 1024w, https:\/\/thekontiki.com\/wp-content\/uploads\/2025\/05\/Kontiki-LaurevanHijfte-0071.webp 1280w\" sizes=\"auto, (max-width: 720px) 100vw, 720px\" \/>                                                   <\/div>\n                                                                                                                        <div class=\"lg:aspect-[450\/640] aspect-[328\/224] swiper-slide\">\n                                                         <img loading=\"lazy\" decoding=\"async\" width=\"1620\" height=\"1080\" src=\"https:\/\/thekontiki.com\/wp-content\/uploads\/2025\/05\/Kontiki-LaurevanHijfte-0127-1620x1080.jpg\" class=\"w-full h-full object-cover\" alt=\"\" srcset=\"https:\/\/thekontiki.com\/wp-content\/uploads\/2025\/05\/Kontiki-LaurevanHijfte-0127-1620x1080.jpg 1620w, https:\/\/thekontiki.com\/wp-content\/uploads\/2025\/05\/Kontiki-LaurevanHijfte-0127-1080x720.jpg 1080w, https:\/\/thekontiki.com\/wp-content\/uploads\/2025\/05\/Kontiki-LaurevanHijfte-0127-768x512.jpg 768w, https:\/\/thekontiki.com\/wp-content\/uploads\/2025\/05\/Kontiki-LaurevanHijfte-0127-1536x1024.jpg 1536w, https:\/\/thekontiki.com\/wp-content\/uploads\/2025\/05\/Kontiki-LaurevanHijfte-0127.jpg 1920w\" sizes=\"auto, (max-width: 1620px) 100vw, 1620px\" \/>                                                   <\/div>\n                     \n               <\/div>\n            <\/div>\n\n            \n               <\/div>\n      <div class=\"lg:col-span-3 mx-6 lg:mx-0  lg:order-1 \">\n         <div class=\"sticky top-40 grid gap-8\">\n                           <h2 class=\"text-h6 lg:text-h4 font-bold\">Descrubir el para\u00edso<\/h2>\n                                       <div class=\"prose\"><p>Para aquellos guiados por el asombro y una br\u00fajula que se inclina hacia lo desconocido, Cura\u00e7ao no es solo un destino, es un viaje que se despliega. La isla es un mosaico viviente de culturas, colores y contrastes. Cada curva de la costa revela algo nuevo: una cala oculta, una playa tranquila, un acantilado que se inclina hacia el azul infinito.  <\/p>\n<p>Deambule por los callejones de Willemstad, donde las fachadas coloniales susurran sobre siglos pasados y el arte callejero audaz habla del presente. Sum\u00e9rjase bajo las olas y descubra jardines de coral, barcos hundidos y peces tan brillantes que parecen sacados de la imaginaci\u00f3n. Dir\u00edjase al interior, donde las colinas cubiertas de cactus y la belleza cruda del Parque Nacional Christoffel esperan a aquellos que prefieren el camino menos transitado.  <\/p>\n<p>Cura\u00e7ao es algo que se explora, capa por capa, historia por historia. Y si lo encuentra con los ojos abiertos y una mente abierta, sigue revelando m\u00e1s, d\u00eda tras d\u00eda. <\/p>\n<\/div>\n                            <div class=\"flex flex-wrap  gap-6 justify-left\">\n        \n        \n            \n<a href=\"https:\/\/thekontiki.com\/es\/curacao-activities\/\" class=\" hollow button relative group flex p-0 overflow-hidden hover:scale-[98%] transition-transform duration-500\" target=\"\">\n    <span class=\"px-6 py-3 w-full h-full flex-center block relative group-hover:-translate-y-full transition-transform duration-500 rotate-0 group-hover:-rotate-5\">M\u00e1s informaci\u00f3n<\/span>\n    <span class=\"px-6 py-3 absolute inset-0 w-full h-full flex-center top-full group-hover:-translate-y-full transition-transform duration-500 rotate-5 group-hover:rotate-0\">M\u00e1s informaci\u00f3n<\/span>\n<\/a>\n            <\/div>\n\n         <\/div>\n      <\/div>\n   <\/div>\n<\/section>\n\n\n\n\n<section class=\"text-images  relative \n         my-20 lg:my-30\n      \"\n      >\n   <div class=\"lg:container lg:grid lg:grid-cols-12 lg:gap-4\">\n            <div class=\"lg:col-span-8 mb-16 lg:mb-0 \">\n         \n\n            \n            <div class=\"swiper-images overflow-hidden px-6 lg:px-0\" >\n               <div class=\"swiper-wrapper lg:!grid lg:grid-cols-2 lg:gap-4\">\n\n                     \n                                                                                                                        <div class=\"lg:col-span-2 lg:aspect-[922\/970] aspect-[328\/224] swiper-slide\">\n                                                         <img loading=\"lazy\" decoding=\"async\" width=\"1620\" height=\"1080\" src=\"https:\/\/thekontiki.com\/wp-content\/uploads\/2025\/05\/Kontiki-LaurevanHijfte-0039-1620x1080.webp\" class=\"w-full h-full object-cover\" alt=\"\" srcset=\"https:\/\/thekontiki.com\/wp-content\/uploads\/2025\/05\/Kontiki-LaurevanHijfte-0039-1620x1080.webp 1620w, https:\/\/thekontiki.com\/wp-content\/uploads\/2025\/05\/Kontiki-LaurevanHijfte-0039-1080x720.webp 1080w, https:\/\/thekontiki.com\/wp-content\/uploads\/2025\/05\/Kontiki-LaurevanHijfte-0039-768x512.webp 768w, https:\/\/thekontiki.com\/wp-content\/uploads\/2025\/05\/Kontiki-LaurevanHijfte-0039-1536x1024.webp 1536w, https:\/\/thekontiki.com\/wp-content\/uploads\/2025\/05\/Kontiki-LaurevanHijfte-0039.webp 1920w\" sizes=\"auto, (max-width: 1620px) 100vw, 1620px\" \/>                                                   <\/div>\n                                                                                                                        <div class=\"lg:aspect-[450\/640] aspect-[328\/224] swiper-slide\">\n                                                         <img loading=\"lazy\" decoding=\"async\" width=\"1620\" height=\"1080\" src=\"https:\/\/thekontiki.com\/wp-content\/uploads\/2025\/05\/Kontiki-LaurevanHijfte-0096-1620x1080.webp\" class=\"w-full h-full object-cover\" alt=\"\" srcset=\"https:\/\/thekontiki.com\/wp-content\/uploads\/2025\/05\/Kontiki-LaurevanHijfte-0096-1620x1080.webp 1620w, https:\/\/thekontiki.com\/wp-content\/uploads\/2025\/05\/Kontiki-LaurevanHijfte-0096-1080x720.webp 1080w, https:\/\/thekontiki.com\/wp-content\/uploads\/2025\/05\/Kontiki-LaurevanHijfte-0096-768x512.webp 768w, https:\/\/thekontiki.com\/wp-content\/uploads\/2025\/05\/Kontiki-LaurevanHijfte-0096-1536x1024.webp 1536w, https:\/\/thekontiki.com\/wp-content\/uploads\/2025\/05\/Kontiki-LaurevanHijfte-0096.webp 1920w\" sizes=\"auto, (max-width: 1620px) 100vw, 1620px\" \/>                                                   <\/div>\n                                                                                                                        <div class=\"lg:aspect-[450\/640] aspect-[328\/224] swiper-slide\">\n                                                         <img loading=\"lazy\" decoding=\"async\" width=\"1620\" height=\"1080\" src=\"https:\/\/thekontiki.com\/wp-content\/uploads\/2025\/05\/Kontiki-LaurevanHijfte-0052-1620x1080.webp\" class=\"w-full h-full object-cover\" alt=\"\" srcset=\"https:\/\/thekontiki.com\/wp-content\/uploads\/2025\/05\/Kontiki-LaurevanHijfte-0052-1620x1080.webp 1620w, https:\/\/thekontiki.com\/wp-content\/uploads\/2025\/05\/Kontiki-LaurevanHijfte-0052-1080x720.webp 1080w, https:\/\/thekontiki.com\/wp-content\/uploads\/2025\/05\/Kontiki-LaurevanHijfte-0052-768x512.webp 768w, https:\/\/thekontiki.com\/wp-content\/uploads\/2025\/05\/Kontiki-LaurevanHijfte-0052-1536x1024.webp 1536w, https:\/\/thekontiki.com\/wp-content\/uploads\/2025\/05\/Kontiki-LaurevanHijfte-0052.webp 1920w\" sizes=\"auto, (max-width: 1620px) 100vw, 1620px\" \/>                                                   <\/div>\n                     \n               <\/div>\n            <\/div>\n\n            \n               <\/div>\n      <div class=\"lg:col-span-3 mx-6 lg:mx-0  lg:col-start-10 \">\n         <div class=\"sticky top-40 grid gap-8\">\n                           <h2 class=\"text-h6 lg:text-h4 font-bold\">Escapada rom\u00e1ntica<\/h2>\n                                       <div class=\"prose\"><p>The Kontiki es un peque\u00f1o para\u00edso. Especialmente cuando celebra el amor con su ser querido. Es el destino donde se descubre, se enciende y se sella el amor. Bajo las palmeras, con la arena entre los dedos de los pies, m\u00fasica relajante de fondo, mientras se saborean c\u00f3cteles. \u00bfQu\u00e9 no hay que amar?    <\/p>\n<p>Celebre su boda en The Kontiki. Nuestro equipo est\u00e1 dedicado a organizar un d\u00eda que nunca olvidar\u00e1. <\/p>\n<\/div>\n                            <div class=\"flex flex-wrap  gap-6 justify-left\">\n        \n        \n            \n<a href=\"https:\/\/thekontiki.com\/es\/facilities\/\" class=\" hollow button relative group flex p-0 overflow-hidden hover:scale-[98%] transition-transform duration-500\" target=\"\">\n    <span class=\"px-6 py-3 w-full h-full flex-center block relative group-hover:-translate-y-full transition-transform duration-500 rotate-0 group-hover:-rotate-5\">Instalaciones<\/span>\n    <span class=\"px-6 py-3 absolute inset-0 w-full h-full flex-center top-full group-hover:-translate-y-full transition-transform duration-500 rotate-5 group-hover:rotate-0\">Instalaciones<\/span>\n<\/a>\n            <\/div>\n\n         <\/div>\n      <\/div>\n   <\/div>\n<\/section>\n\n\n\n\n<section class=\"text-images  relative \n   bg-turquoise      py-20 lg:py-30 text-white      \"\n   style=\"background: url(https:\/\/thekontiki.com\/wp-content\/themes\/kontiki\/assets\/img\/bg_texture.jpg) no-repeat center center \/ cover;\"   >\n   <div class=\"lg:container lg:grid lg:grid-cols-12 lg:gap-4\">\n            <div class=\"lg:col-span-8 mb-16 lg:mb-0  lg:col-start-5 lg:order-2 \">\n         \n\n            \n            <div class=\"swiper-images overflow-hidden px-6 lg:px-0\" >\n               <div class=\"swiper-wrapper lg:!grid lg:grid-cols-2 lg:gap-4\">\n\n                     \n                                                                                                                        <div class=\"lg:col-span-2 lg:aspect-[922\/970] aspect-[328\/224] swiper-slide\">\n                                                         <img loading=\"lazy\" decoding=\"async\" width=\"720\" height=\"1080\" src=\"https:\/\/thekontiki.com\/wp-content\/uploads\/2025\/05\/JFB2527-720x1080.webp\" class=\"w-full h-full object-cover\" alt=\"Tropical Superior Room\" srcset=\"https:\/\/thekontiki.com\/wp-content\/uploads\/2025\/05\/JFB2527-720x1080.webp 720w, https:\/\/thekontiki.com\/wp-content\/uploads\/2025\/05\/JFB2527-480x720.webp 480w, https:\/\/thekontiki.com\/wp-content\/uploads\/2025\/05\/JFB2527-768x1151.webp 768w, https:\/\/thekontiki.com\/wp-content\/uploads\/2025\/05\/JFB2527-1025x1536.webp 1025w, https:\/\/thekontiki.com\/wp-content\/uploads\/2025\/05\/JFB2527.webp 1080w\" sizes=\"auto, (max-width: 720px) 100vw, 720px\" \/>                                                   <\/div>\n                     \n               <\/div>\n            <\/div>\n\n            \n               <\/div>\n      <div class=\"lg:col-span-3 mx-6 lg:mx-0  lg:order-1 \">\n         <div class=\"sticky top-40 grid gap-8\">\n                           <h2 class=\"text-h6 lg:text-h4 font-bold\">Desde Van der Valk a \u201cThe Kontiki\u00bb<\/h2>\n                                       <div class=\"prose\"><p>The Kontiki \u2013 Beach Resort Cura\u00e7ao tiene una rica historia como uno de los destinos m\u00e1s queridos de Cura\u00e7ao. Originalmente establecido como Van der Valk the Kontiki \u2013 Beach Resort Cura\u00e7ao, hemos evolucionado a lo que ahora es The Kontiki. Mantenemos la esencia de lo que los hu\u00e9spedes siempre han valorado \u2013 nuestra ubicaci\u00f3n \u00fanica en Mambo Beach y el compromiso con un servicio excepcional \u2013 mientras miramos hacia un emocionante nuevo cap\u00edtulo.<\/p>\n<\/div>\n                            <div class=\"flex flex-wrap  gap-6 justify-left\">\n        \n        \n            \n<a href=\"https:\/\/thekontiki.com\/es\/about-us\/\" class=\" hollow button relative group flex p-0 overflow-hidden hover:scale-[98%] transition-transform duration-500\" target=\"\">\n    <span class=\"px-6 py-3 w-full h-full flex-center block relative group-hover:-translate-y-full transition-transform duration-500 rotate-0 group-hover:-rotate-5\">Acerca de nosotros<\/span>\n    <span class=\"px-6 py-3 absolute inset-0 w-full h-full flex-center top-full group-hover:-translate-y-full transition-transform duration-500 rotate-5 group-hover:rotate-0\">Acerca de nosotros<\/span>\n<\/a>\n            <\/div>\n\n         <\/div>\n      <\/div>\n   <\/div>\n<\/section>\n\n\n\n\n<section class=\"accordion my-20 lg:my-30\">\n    <div class=\"container grid gap-8\">\n\n               \n\n\n    <h2 class=\"text-h4\">Preguntas frecuentes<\/h2>\n\n      \n      <div>\n      \n         \n            <div class=\"accordion-item group mt-4\" >\n               <div class=\"accordion-title flex cursor-pointer items-center\">   \n                  <h2 class=\"relative grow overflow-hidden text-h5\">\n                     \u00bfQu\u00e9 tipos de habitaciones ofrece el resort?                  <\/h2>\n                  <svg class=\"transition-all\" width=\"30\" height=\"30\" viewBox=\"0 0 30 30\" fill=\"none\" xmlns=\"http:\/\/www.w3.org\/2000\/svg\">\n                     <path d=\"M15 6V24\" stroke=\"#212529\" stroke-width=\"2\"\/>\n                     <path d=\"M24 15L6 15\" stroke=\"#212529\" stroke-width=\"2\"\/>\n                  <\/svg>\n               <\/div>\n               <div class=\"accordion-content text-p max-w-[950px] max-h-0 overflow-hidden transition-all\">\n                  <div class=\"pt-4 text-base\">\n                     <p>En The Kontiki disponemos de opciones para todos los gustos. Ocultas entre palmeras y plantas tropicales aut\u00f3ctonas de la isla, encontrar\u00e1 las habitaciones Tropical Superior. Experimente la aut\u00e9ntica atm\u00f3sfera caribe\u00f1a. En nuestras Suites disfrutar\u00e1 de un lujo extremo. Ofrecemos cuatro tipos de Suites: Frente a la Playa, Vista al Mar, \u00c1tico y la Suite The Kontiki. Todas las suites gozan de vista al oc\u00e9ano, instalaciones excepcionales y servicio ilimitado. \u00bfSiente curiosidad? Examine nuestras Habitaciones &amp; Suites.<\/p>\n                  <\/div>\n               <\/div>\n               <div class=\"mt-4 h-[1px] w-full bg-black\"><\/div>\n            <\/div>\n\n         \n            <div class=\"accordion-item group mt-4\" >\n               <div class=\"accordion-title flex cursor-pointer items-center\">   \n                  <h2 class=\"relative grow overflow-hidden text-h5\">\n                     \u00bfSe pueden incluir las comidas en la reserva?                  <\/h2>\n                  <svg class=\"transition-all\" width=\"30\" height=\"30\" viewBox=\"0 0 30 30\" fill=\"none\" xmlns=\"http:\/\/www.w3.org\/2000\/svg\">\n                     <path d=\"M15 6V24\" stroke=\"#212529\" stroke-width=\"2\"\/>\n                     <path d=\"M24 15L6 15\" stroke=\"#212529\" stroke-width=\"2\"\/>\n                  <\/svg>\n               <\/div>\n               <div class=\"accordion-content text-p max-w-[950px] max-h-0 overflow-hidden transition-all\">\n                  <div class=\"pt-4 text-base\">\n                     <p>S\u00ed, los hu\u00e9spedes del hotel pueden reservar un desayuno extenso como parte de la reserva. El desayuno se sirve en Cabana Beach club. El almuerzo y la cena deben reservarse por separado y directamente en el sitio web de Mood Beach y Cabana Beach. Aseg\u00farese de reservar con anticipaci\u00f3n, ya que la disponibilidad es limitada.<\/p>\n                  <\/div>\n               <\/div>\n               <div class=\"mt-4 h-[1px] w-full bg-black\"><\/div>\n            <\/div>\n\n         \n            <div class=\"accordion-item group mt-4\" >\n               <div class=\"accordion-title flex cursor-pointer items-center\">   \n                  <h2 class=\"relative grow overflow-hidden text-h5\">\n                     \u00bfEl resort ofrece acceso directo a la playa?                  <\/h2>\n                  <svg class=\"transition-all\" width=\"30\" height=\"30\" viewBox=\"0 0 30 30\" fill=\"none\" xmlns=\"http:\/\/www.w3.org\/2000\/svg\">\n                     <path d=\"M15 6V24\" stroke=\"#212529\" stroke-width=\"2\"\/>\n                     <path d=\"M24 15L6 15\" stroke=\"#212529\" stroke-width=\"2\"\/>\n                  <\/svg>\n               <\/div>\n               <div class=\"accordion-content text-p max-w-[950px] max-h-0 overflow-hidden transition-all\">\n                  <div class=\"pt-4 text-base\">\n                     <p>S\u00ed, el nombre lo dice todo: The Kontiki \u2013 Beach Resort Cura\u00e7ao. Nuestro resort ofrece acceso a tres hermosas playas. Los hu\u00e9spedes del hotel pueden utilizar wifi, camas de playa y toallas de forma gratuita.<\/p>\n                  <\/div>\n               <\/div>\n               <div class=\"mt-4 h-[1px] w-full bg-black\"><\/div>\n            <\/div>\n\n         \n            <div class=\"accordion-item group mt-4\" >\n               <div class=\"accordion-title flex cursor-pointer items-center\">   \n                  <h2 class=\"relative grow overflow-hidden text-h5\">\n                     \u00bfQu\u00e9 instalaciones se incluyen en la habitaci\u00f3n?                  <\/h2>\n                  <svg class=\"transition-all\" width=\"30\" height=\"30\" viewBox=\"0 0 30 30\" fill=\"none\" xmlns=\"http:\/\/www.w3.org\/2000\/svg\">\n                     <path d=\"M15 6V24\" stroke=\"#212529\" stroke-width=\"2\"\/>\n                     <path d=\"M24 15L6 15\" stroke=\"#212529\" stroke-width=\"2\"\/>\n                  <\/svg>\n               <\/div>\n               <div class=\"accordion-content text-p max-w-[950px] max-h-0 overflow-hidden transition-all\">\n                  <div class=\"pt-4 text-base\">\n                     <p>Nuestros alojamientos y suites est\u00e1n equipados con wifi gratuito, aire acondicionado, minibar, televisi\u00f3n de pantalla plana, instalaciones para preparar caf\u00e9 y t\u00e9, y una amplia terraza o balc\u00f3n. Todo lo que necesita para una estancia sin preocupaciones.<\/p>\n                  <\/div>\n               <\/div>\n               <div class=\"mt-4 h-[1px] w-full bg-black\"><\/div>\n            <\/div>\n\n         \n            <div class=\"accordion-item group mt-4\" >\n               <div class=\"accordion-title flex cursor-pointer items-center\">   \n                  <h2 class=\"relative grow overflow-hidden text-h5\">\n                     \u00bfCu\u00e1les son los horarios de check-in y check-out?                  <\/h2>\n                  <svg class=\"transition-all\" width=\"30\" height=\"30\" viewBox=\"0 0 30 30\" fill=\"none\" xmlns=\"http:\/\/www.w3.org\/2000\/svg\">\n                     <path d=\"M15 6V24\" stroke=\"#212529\" stroke-width=\"2\"\/>\n                     <path d=\"M24 15L6 15\" stroke=\"#212529\" stroke-width=\"2\"\/>\n                  <\/svg>\n               <\/div>\n               <div class=\"accordion-content text-p max-w-[950px] max-h-0 overflow-hidden transition-all\">\n                  <div class=\"pt-4 text-base\">\n                     <p>El check-in comienza a las 3 PM. El check-out es hasta las 11 AM. Por supuesto, le acomodaremos si su hora de llegada es m\u00e1s temprana o su hora de salida es m\u00e1s tarde. Por favor, h\u00e1ganoslo saber.<\/p>\n                  <\/div>\n               <\/div>\n               <div class=\"mt-4 h-[1px] w-full bg-black\"><\/div>\n            <\/div>\n\n         \n            <div class=\"accordion-item group mt-4\" >\n               <div class=\"accordion-title flex cursor-pointer items-center\">   \n                  <h2 class=\"relative grow overflow-hidden text-h5\">\n                     \u00bfCu\u00e1l es la historia del Kontiki Beach Resort Cura\u00e7ao?                  <\/h2>\n                  <svg class=\"transition-all\" width=\"30\" height=\"30\" viewBox=\"0 0 30 30\" fill=\"none\" xmlns=\"http:\/\/www.w3.org\/2000\/svg\">\n                     <path d=\"M15 6V24\" stroke=\"#212529\" stroke-width=\"2\"\/>\n                     <path d=\"M24 15L6 15\" stroke=\"#212529\" stroke-width=\"2\"\/>\n                  <\/svg>\n               <\/div>\n               <div class=\"accordion-content text-p max-w-[950px] max-h-0 overflow-hidden transition-all\">\n                  <div class=\"pt-4 text-base\">\n                     <p>The Kontiki \u2013 Beach Resort Cura\u00e7ao ha sido un destino predilecto en Cura\u00e7ao durante muchos a\u00f1os. Aunque anteriormente era conocido como Van der Valk Kontiki Beach Resort, ahora nos complace continuar nuestra trayectoria como \u201cThe Kontiki\u201d. Mantenemos la misma ubicaci\u00f3n excepcional y los est\u00e1ndares de calidad que nos han convertido en el favorito entre los visitantes de Cura\u00e7ao . El esp\u00edritu del Kontiki Beach Resort permanece inalterado, ofreciendo a los hu\u00e9spedes la combinaci\u00f3n perfecta entre el encanto caribe\u00f1o y alojamientos de lujo.<\/p>\n                  <\/div>\n               <\/div>\n               <div class=\"mt-4 h-[1px] w-full bg-black\"><\/div>\n            <\/div>\n\n         \n            <div class=\"accordion-item group mt-4\" >\n               <div class=\"accordion-title flex cursor-pointer items-center\">   \n                  <h2 class=\"relative grow overflow-hidden text-h5\">\n                     \u00bfContin\u00faa el Kontiki Beach Resort asociado con Van der Valk Curazao?                  <\/h2>\n                  <svg class=\"transition-all\" width=\"30\" height=\"30\" viewBox=\"0 0 30 30\" fill=\"none\" xmlns=\"http:\/\/www.w3.org\/2000\/svg\">\n                     <path d=\"M15 6V24\" stroke=\"#212529\" stroke-width=\"2\"\/>\n                     <path d=\"M24 15L6 15\" stroke=\"#212529\" stroke-width=\"2\"\/>\n                  <\/svg>\n               <\/div>\n               <div class=\"accordion-content text-p max-w-[950px] max-h-0 overflow-hidden transition-all\">\n                  <div class=\"pt-4 text-base\">\n                     <p>El Kontiki Beach Resort Cura\u00e7ao se ha transformado en un resort de lujo independiente. Si bien anteriormente oper\u00e1bamos como Van der Valk, el Kontiki Beach Resort Cura\u00e7ao (tambi\u00e9n conocido como VD Valk Cura\u00e7ao o Van de Valk Cura\u00e7ao por muchos hu\u00e9spedes) ha transitado hacia un nuevo cap\u00edtulo como \u201cThe Kontiki\u201d. Los hu\u00e9spedes que se han hospedado previamente con nosotros bajo la administraci\u00f3n del Hotel Van der Valk Cura\u00e7ao encontrar\u00e1n la misma hermosa ubicaci\u00f3n y el servicio excepcional que han llegado a esperar.<\/p>\n                  <\/div>\n               <\/div>\n               <div class=\"mt-4 h-[1px] w-full bg-black\"><\/div>\n            <\/div>\n\n         \n            <div class=\"accordion-item group mt-4\" >\n               <div class=\"accordion-title flex cursor-pointer items-center\">   \n                  <h2 class=\"relative grow overflow-hidden text-h5\">\n                     \u00bfC\u00f3mo puedo llegar al Kontiki Beach Resort Curazao desde el aeropuerto?                  <\/h2>\n                  <svg class=\"transition-all\" width=\"30\" height=\"30\" viewBox=\"0 0 30 30\" fill=\"none\" xmlns=\"http:\/\/www.w3.org\/2000\/svg\">\n                     <path d=\"M15 6V24\" stroke=\"#212529\" stroke-width=\"2\"\/>\n                     <path d=\"M24 15L6 15\" stroke=\"#212529\" stroke-width=\"2\"\/>\n                  <\/svg>\n               <\/div>\n               <div class=\"accordion-content text-p max-w-[950px] max-h-0 overflow-hidden transition-all\">\n                  <div class=\"pt-4 text-base\">\n                     <p>The Kontiki\u00a0 se encuentra aproximadamente a 15 minutos en autom\u00f3vil del Aeropuerto Internacional Hato. Podemos organizar traslados desde el aeropuerto previa solicitud, o bien puede tomar f\u00e1cilmente un taxi o alquilar un autom\u00f3vil. The Kontiki Beach Resort Cura\u00e7ao es ampliamente conocido y f\u00e1cil de encontrar, ubicado en la famosa zona de Mambo Beach.<\/p>\n                  <\/div>\n               <\/div>\n               <div class=\"mt-4 h-[1px] w-full bg-black\"><\/div>\n            <\/div>\n\n         \n            <div class=\"accordion-item group mt-4\" >\n               <div class=\"accordion-title flex cursor-pointer items-center\">   \n                  <h2 class=\"relative grow overflow-hidden text-h5\">\n                     \u00bfQu\u00e9 distingue al Kontiki Beach Resort Curazao de otros resorts?                  <\/h2>\n                  <svg class=\"transition-all\" width=\"30\" height=\"30\" viewBox=\"0 0 30 30\" fill=\"none\" xmlns=\"http:\/\/www.w3.org\/2000\/svg\">\n                     <path d=\"M15 6V24\" stroke=\"#212529\" stroke-width=\"2\"\/>\n                     <path d=\"M24 15L6 15\" stroke=\"#212529\" stroke-width=\"2\"\/>\n                  <\/svg>\n               <\/div>\n               <div class=\"accordion-content text-p max-w-[950px] max-h-0 overflow-hidden transition-all\">\n                  <div class=\"pt-4 text-base\">\n                     <p>Si bien hemos evolucionado de ser el Kontiki Beach Resort Van der Valk a simplemente \u201cThe Kontiki\u201d, lo que siempre nos ha diferenciado es nuestra singular combinaci\u00f3n de encanto caribe\u00f1o con est\u00e1ndares de servicio europeos. Anteriormente conocido como Van der Valk Kontiki Beach Resort, nuestro resort combina el ambiente relajado de la isla con comodidades de lujo. A diferencia de otros resorts en la isla, el Kontiki Beach Resort Cura\u00e7ao ofrece acceso directo a la playa, m\u00faltiples opciones gastron\u00f3micas y una variedad de estilos de alojamiento para satisfacer todas las preferencias.<\/p>\n                  <\/div>\n               <\/div>\n               <div class=\"mt-4 h-[1px] w-full bg-black\"><\/div>\n            <\/div>\n\n         \n            <div class=\"accordion-item group mt-4\" >\n               <div class=\"accordion-title flex cursor-pointer items-center\">   \n                  <h2 class=\"relative grow overflow-hidden text-h5\">\n                     \u00bfExisten alternativas al Kontiki Beach Resort Curazao en la zona?                  <\/h2>\n                  <svg class=\"transition-all\" width=\"30\" height=\"30\" viewBox=\"0 0 30 30\" fill=\"none\" xmlns=\"http:\/\/www.w3.org\/2000\/svg\">\n                     <path d=\"M15 6V24\" stroke=\"#212529\" stroke-width=\"2\"\/>\n                     <path d=\"M24 15L6 15\" stroke=\"#212529\" stroke-width=\"2\"\/>\n                  <\/svg>\n               <\/div>\n               <div class=\"accordion-content text-p max-w-[950px] max-h-0 overflow-hidden transition-all\">\n                  <div class=\"pt-4 text-base\">\n                     <p>Si bien hay otros resorts en Cura\u00e7ao , pocos pueden igualar la ubicaci\u00f3n \u00fanica y las ofertas de nuestro resort. Algunos hu\u00e9spedes ocasionalmente nos buscan como \u201cThe Kontiki \u2013 Beach Resort Cura\u00e7ao \u201d o \u201cKontiki Beach\u201d, pero The Kontiki \u2013 Beach Resort Cura\u00e7ao es el destino original frente a la playa que ha dado la bienvenida a los hu\u00e9spedes durante muchos a\u00f1os. Lo que nos distingue de Cura\u00e7ao Valk y otras propiedades es nuestra perfecta combinaci\u00f3n de ubicaci\u00f3n, comodidades y servicio.<\/p>\n                  <\/div>\n               <\/div>\n               <div class=\"mt-4 h-[1px] w-full bg-black\"><\/div>\n            <\/div>\n\n         \n            <div class=\"accordion-item group mt-4\" >\n               <div class=\"accordion-title flex cursor-pointer items-center\">   \n                  <h2 class=\"relative grow overflow-hidden text-h5\">\n                     \u00bfPuedo reservar un paquete todo incluido en el antiguo Van der Valk The Kontiki Beach Resort?                  <\/h2>\n                  <svg class=\"transition-all\" width=\"30\" height=\"30\" viewBox=\"0 0 30 30\" fill=\"none\" xmlns=\"http:\/\/www.w3.org\/2000\/svg\">\n                     <path d=\"M15 6V24\" stroke=\"#212529\" stroke-width=\"2\"\/>\n                     <path d=\"M24 15L6 15\" stroke=\"#212529\" stroke-width=\"2\"\/>\n                  <\/svg>\n               <\/div>\n               <div class=\"accordion-content text-p max-w-[950px] max-h-0 overflow-hidden transition-all\">\n                  <div class=\"pt-4 text-base\">\n                     <p>No, el Kontiki (anteriormente conocido como Van der Valk Cura\u00e7ao Beach Resort) ofrece diversas opciones para satisfacer sus preferencias. Le rogamos se ponga en contacto con nuestro equipo de reservas para conocer las ofertas m\u00e1s recientes.<\/p>\n                  <\/div>\n               <\/div>\n               <div class=\"mt-4 h-[1px] w-full bg-black\"><\/div>\n            <\/div>\n\n               \n      <\/div>\n\n    <\/div>\n<\/section>\n","protected":false},"excerpt":{"rendered":"","protected":false},"author":1,"featured_media":7517,"parent":0,"menu_order":0,"comment_status":"closed","ping_status":"closed","template":"","meta":{"_acf_changed":false,"footnotes":""},"class_list":["post-7000","page","type-page","status-publish","has-post-thumbnail","hentry"],"acf":[],"yoast_head":"<!-- This site is optimized with the Yoast SEO plugin v27.4 - https:\/\/yoast.com\/product\/yoast-seo-wordpress\/ -->\n<title>Van der Valk Kontiki Beach Resort | Ahora The Kontiki Cura\u00e7ao<\/title>\n<meta name=\"description\" content=\"Van der Valk Kontiki Beach Resort ahora es The Kontiki Cura\u00e7ao. La misma excelencia con habitaciones y clubes de playa. Reserve directamente!\" \/>\n<meta name=\"robots\" content=\"index, follow, max-snippet:-1, max-image-preview:large, max-video-preview:-1\" \/>\n<link rel=\"canonical\" href=\"https:\/\/thekontiki.com\/es\/\" \/>\n<meta property=\"og:locale\" content=\"es_ES\" \/>\n<meta property=\"og:type\" content=\"article\" \/>\n<meta property=\"og:title\" content=\"Van der Valk Kontiki Beach Resort | Ahora The Kontiki Cura\u00e7ao\" \/>\n<meta property=\"og:description\" content=\"Van der Valk Kontiki Beach Resort ahora es The Kontiki Cura\u00e7ao. La misma excelencia con habitaciones y clubes de playa. Reserve directamente!\" \/>\n<meta property=\"og:url\" content=\"https:\/\/thekontiki.com\/es\/\" \/>\n<meta property=\"og:site_name\" content=\"Kontiki\" \/>\n<meta property=\"article:modified_time\" content=\"2025-06-02T12:10:50+00:00\" \/>\n<meta property=\"og:image\" content=\"https:\/\/thekontiki.com\/wp-content\/uploads\/Kontiki-Beach-Resort-Curacao-SiteImage.jpg\" \/>\n\t<meta property=\"og:image:width\" content=\"1200\" \/>\n\t<meta property=\"og:image:height\" content=\"675\" \/>\n\t<meta property=\"og:image:type\" content=\"image\/jpeg\" \/>\n<meta name=\"twitter:card\" content=\"summary_large_image\" \/>\n<script type=\"application\/ld+json\" class=\"yoast-schema-graph\">{\"@context\":\"https:\\\/\\\/schema.org\",\"@graph\":[{\"@type\":\"WebPage\",\"@id\":\"https:\\\/\\\/thekontiki.com\\\/es\\\/\",\"url\":\"https:\\\/\\\/thekontiki.com\\\/es\\\/\",\"name\":\"Van der Valk Kontiki Beach Resort | Ahora The Kontiki Cura\u00e7ao\",\"isPartOf\":{\"@id\":\"https:\\\/\\\/thekontiki.com\\\/es\\\/#website\"},\"primaryImageOfPage\":{\"@id\":\"https:\\\/\\\/thekontiki.com\\\/es\\\/#primaryimage\"},\"image\":{\"@id\":\"https:\\\/\\\/thekontiki.com\\\/es\\\/#primaryimage\"},\"thumbnailUrl\":\"https:\\\/\\\/thekontiki.com\\\/wp-content\\\/uploads\\\/Kontiki-Beach-Resort-Curacao-SiteImage.jpg\",\"datePublished\":\"2020-06-29T11:29:29+00:00\",\"dateModified\":\"2025-06-02T12:10:50+00:00\",\"description\":\"Van der Valk Kontiki Beach Resort ahora es The Kontiki Cura\u00e7ao. La misma excelencia con habitaciones y clubes de playa. Reserve directamente!\",\"breadcrumb\":{\"@id\":\"https:\\\/\\\/thekontiki.com\\\/es\\\/#breadcrumb\"},\"inLanguage\":\"es\",\"potentialAction\":[{\"@type\":\"ReadAction\",\"target\":[\"https:\\\/\\\/thekontiki.com\\\/es\\\/\"]}]},{\"@type\":\"ImageObject\",\"inLanguage\":\"es\",\"@id\":\"https:\\\/\\\/thekontiki.com\\\/es\\\/#primaryimage\",\"url\":\"https:\\\/\\\/thekontiki.com\\\/wp-content\\\/uploads\\\/Kontiki-Beach-Resort-Curacao-SiteImage.jpg\",\"contentUrl\":\"https:\\\/\\\/thekontiki.com\\\/wp-content\\\/uploads\\\/Kontiki-Beach-Resort-Curacao-SiteImage.jpg\",\"width\":1200,\"height\":675,\"caption\":\"Kontiki Beach Resort Curacao SiteImage\"},{\"@type\":\"BreadcrumbList\",\"@id\":\"https:\\\/\\\/thekontiki.com\\\/es\\\/#breadcrumb\",\"itemListElement\":[{\"@type\":\"ListItem\",\"position\":1,\"name\":\"Inicio\",\"item\":\"https:\\\/\\\/thekontiki.com\\\/es\\\/\"},{\"@type\":\"ListItem\",\"position\":2,\"name\":\"Kontiki Beach Resort Cura\u00e7ao\"}]},{\"@type\":\"WebSite\",\"@id\":\"https:\\\/\\\/thekontiki.com\\\/es\\\/#website\",\"url\":\"https:\\\/\\\/thekontiki.com\\\/es\\\/\",\"name\":\"Kontiki Beach Resort Curacao\",\"description\":\"Kontiki Beach Resort Cura\u00e7ao\",\"alternateName\":\"van der Valk Curacao\",\"potentialAction\":[{\"@type\":\"SearchAction\",\"target\":{\"@type\":\"EntryPoint\",\"urlTemplate\":\"https:\\\/\\\/thekontiki.com\\\/es\\\/?s={search_term_string}\"},\"query-input\":{\"@type\":\"PropertyValueSpecification\",\"valueRequired\":true,\"valueName\":\"search_term_string\"}}],\"inLanguage\":\"es\"}]}<\/script>\n<!-- \/ Yoast SEO plugin. -->","yoast_head_json":{"title":"Van der Valk Kontiki Beach Resort | Ahora The Kontiki Cura\u00e7ao","description":"Van der Valk Kontiki Beach Resort ahora es The Kontiki Cura\u00e7ao. La misma excelencia con habitaciones y clubes de playa. Reserve directamente!","robots":{"index":"index","follow":"follow","max-snippet":"max-snippet:-1","max-image-preview":"max-image-preview:large","max-video-preview":"max-video-preview:-1"},"canonical":"https:\/\/thekontiki.com\/es\/","og_locale":"es_ES","og_type":"article","og_title":"Van der Valk Kontiki Beach Resort | Ahora The Kontiki Cura\u00e7ao","og_description":"Van der Valk Kontiki Beach Resort ahora es The Kontiki Cura\u00e7ao. La misma excelencia con habitaciones y clubes de playa. Reserve directamente!","og_url":"https:\/\/thekontiki.com\/es\/","og_site_name":"Kontiki","article_modified_time":"2025-06-02T12:10:50+00:00","og_image":[{"width":1200,"height":675,"url":"https:\/\/thekontiki.com\/wp-content\/uploads\/Kontiki-Beach-Resort-Curacao-SiteImage.jpg","type":"image\/jpeg"}],"twitter_card":"summary_large_image","schema":{"@context":"https:\/\/schema.org","@graph":[{"@type":"WebPage","@id":"https:\/\/thekontiki.com\/es\/","url":"https:\/\/thekontiki.com\/es\/","name":"Van der Valk Kontiki Beach Resort | Ahora The Kontiki Cura\u00e7ao","isPartOf":{"@id":"https:\/\/thekontiki.com\/es\/#website"},"primaryImageOfPage":{"@id":"https:\/\/thekontiki.com\/es\/#primaryimage"},"image":{"@id":"https:\/\/thekontiki.com\/es\/#primaryimage"},"thumbnailUrl":"https:\/\/thekontiki.com\/wp-content\/uploads\/Kontiki-Beach-Resort-Curacao-SiteImage.jpg","datePublished":"2020-06-29T11:29:29+00:00","dateModified":"2025-06-02T12:10:50+00:00","description":"Van der Valk Kontiki Beach Resort ahora es The Kontiki Cura\u00e7ao. La misma excelencia con habitaciones y clubes de playa. Reserve directamente!","breadcrumb":{"@id":"https:\/\/thekontiki.com\/es\/#breadcrumb"},"inLanguage":"es","potentialAction":[{"@type":"ReadAction","target":["https:\/\/thekontiki.com\/es\/"]}]},{"@type":"ImageObject","inLanguage":"es","@id":"https:\/\/thekontiki.com\/es\/#primaryimage","url":"https:\/\/thekontiki.com\/wp-content\/uploads\/Kontiki-Beach-Resort-Curacao-SiteImage.jpg","contentUrl":"https:\/\/thekontiki.com\/wp-content\/uploads\/Kontiki-Beach-Resort-Curacao-SiteImage.jpg","width":1200,"height":675,"caption":"Kontiki Beach Resort Curacao SiteImage"},{"@type":"BreadcrumbList","@id":"https:\/\/thekontiki.com\/es\/#breadcrumb","itemListElement":[{"@type":"ListItem","position":1,"name":"Inicio","item":"https:\/\/thekontiki.com\/es\/"},{"@type":"ListItem","position":2,"name":"Kontiki Beach Resort Cura\u00e7ao"}]},{"@type":"WebSite","@id":"https:\/\/thekontiki.com\/es\/#website","url":"https:\/\/thekontiki.com\/es\/","name":"Kontiki Beach Resort Curacao","description":"Kontiki Beach Resort Cura\u00e7ao","alternateName":"van der Valk Curacao","potentialAction":[{"@type":"SearchAction","target":{"@type":"EntryPoint","urlTemplate":"https:\/\/thekontiki.com\/es\/?s={search_term_string}"},"query-input":{"@type":"PropertyValueSpecification","valueRequired":true,"valueName":"search_term_string"}}],"inLanguage":"es"}]}},"_links":{"self":[{"href":"https:\/\/thekontiki.com\/es\/wp-json\/wp\/v2\/pages\/7000","targetHints":{"allow":["GET"]}}],"collection":[{"href":"https:\/\/thekontiki.com\/es\/wp-json\/wp\/v2\/pages"}],"about":[{"href":"https:\/\/thekontiki.com\/es\/wp-json\/wp\/v2\/types\/page"}],"author":[{"embeddable":true,"href":"https:\/\/thekontiki.com\/es\/wp-json\/wp\/v2\/users\/1"}],"replies":[{"embeddable":true,"href":"https:\/\/thekontiki.com\/es\/wp-json\/wp\/v2\/comments?post=7000"}],"version-history":[{"count":0,"href":"https:\/\/thekontiki.com\/es\/wp-json\/wp\/v2\/pages\/7000\/revisions"}],"wp:featuredmedia":[{"embeddable":true,"href":"https:\/\/thekontiki.com\/es\/wp-json\/wp\/v2\/media\/7517"}],"wp:attachment":[{"href":"https:\/\/thekontiki.com\/es\/wp-json\/wp\/v2\/media?parent=7000"}],"curies":[{"name":"wp","href":"https:\/\/api.w.org\/{rel}","templated":true}]}}